{"id":18422,"date":"2021-02-25T16:57:30","date_gmt":"2021-02-25T15:57:30","guid":{"rendered":"http:\/\/s864240641.onlinehome.fr\/NewWp\/?page_id=18422"},"modified":"2025-05-27T16:32:08","modified_gmt":"2025-05-27T14:32:08","slug":"agenda-hasparren","status":"publish","type":"page","link":"https:\/\/hasparren.fr\/eu\/la-vie-pratique\/argibide-pratikoak\/agenda-hasparren\/","title":{"rendered":"Agenda"},"content":{"rendered":"<p><a href=\"https:\/\/hasparren.fr\/eu\/evenements-a-lagenda-de-hasparren\/\" target=\"_blank\" rel=\"noopener\"><img loading=\"lazy\" decoding=\"async\" class=\"alignright wp-image-27724\" title=\"Alternative \u00e0 l'agend de Hasparren\" src=\"https:\/\/hasparren.fr\/wp-content\/uploads\/2021\/12\/oeil-handicap-2.jpg\" alt=\"\" width=\"40\" height=\"40\" \/><\/a><\/p>\n<h3>Gertakari bat xerkatu<\/h3>\n<div class=\"ecsa ecsa--tpl-unified ecsa--btn-solid-icon ecsa--trg-text ecsa--fbtn-icon-text-bordered ecsa--scheme-light\" data-ecsa-instance=\"ecsa-i1\" data-ecsa-role=\"bar\" data-ecsa-typeahead=\"dropdown\" data-ecsa-suggest-limit=\"5\" data-ecsa-results-mode=\"none\" data-ecsa-target=\"\" data-ecsa-url-owner=\"0\" data-ecsa-criteria=\"6d82a1267173673938eb636aea7a151c\" data-ecsa-state=\"{&quot;q&quot;:&quot;&quot;,&quot;date_preset&quot;:&quot;any&quot;,&quot;date_from&quot;:&quot;&quot;,&quot;date_to&quot;:&quot;&quot;,&quot;time&quot;:&quot;all&quot;,&quot;sort&quot;:&quot;date_asc&quot;,&quot;recurrence&quot;:&quot;next_only&quot;,&quot;count_mode&quot;:&quot;events&quot;,&quot;page&quot;:1,&quot;per_page&quot;:5,&quot;view&quot;:&quot;grid&quot;,&quot;search_fields&quot;:[&quot;title&quot;]}\" style=\"--ecsa-radius:8px;--ecsa-scale:1.00;--ecsa-card-scale:1.00;--ecsa-columns:3;--ecsa-accent:#2563eb;--ecsa-text:#1f2937;--ecsa-bg:#ffffff;--ecsa-on-accent:#ffffff;--ecsa-accent-text:#255fde\"><form class=\"ecsa-bar\" role=\"search\" method=\"get\" action=\"https:\/\/hasparren.fr\/eu\/wp-json\/wp\/v2\/pages\/18422\" data-ecsa-no-destination=\"1\"><div class=\"ecsa-bar__shell\"><div class=\"ecsa-combobox\"><label class=\"screen-reader-text\" for=\"ecsa-i1__input\">Search events<\/label><input type=\"search\" id=\"ecsa-i1__input\" name=\"ecsa_q\" class=\"ecsa-combobox__input\" value=\"\" placeholder=\"Bilatu\" autocomplete=\"off\" enterkeyhint=\"search\" autocorrect=\"off\" autocapitalize=\"none\" spellcheck=\"false\" role=\"combobox\" aria-autocomplete=\"list\" aria-expanded=\"false\" aria-controls=\"ecsa-i1__listbox\" aria-activedescendant=\"\"><\/div><button type=\"submit\" class=\"ecsa-bar__submit\">Search<\/button><\/div><\/form><\/div>\n<p style=\"text-align: left;\"><!=========Grid View Template 2.9.6=========><div id=\"ect-grid-wrapper\" class=\"tect-grid-wrapper ect-grid-view-style-1 all\"><div class=\"row\"><div id = \"event-51031\" class=\"ect-grid-event style-1 ect-simple-event col-md-3\" itemscope itemtype=\"http:\/\/schema.org\/Event\">\r\n                <div class=\"ect-grid-event-area\">\r\n                <meta itemprop=\"name\" content=\"&#8220;Bertsolaritza, zonbait behako&#8221; erakusketa\">\r\n                <meta itemprop=\"image\" content=\"https:\/\/hasparren.fr\/wp-content\/uploads\/2026\/09\/phppfENYV-424x600.jpg\">\r\n                <meta itemprop=\"description\" content=\"Irailaren 2tik 19ra, Euskal kultur erakundeak bertsolaritzaren munduan murgiltzera eramaten gaituen erakusketa bat proposatuko du mediatekan,\u00a0 euskal kulturan oso errotuta dagoen ahozko artea. Ikus-entzunezko hainbat\u00a0 dokumentu azpititulatuk (erreportajeak, artxiboko irudiak [&hellip;]\"><div class=\"ect-grid-image\">\r\n                <a href=\"https:\/\/hasparren.fr\/eu\/evenement\/exposition-bertsolaritza-zonbait-behako\/\">\r\n                <img decoding=\"async\" src=\"https:\/\/hasparren.fr\/wp-content\/uploads\/2026\/09\/phppfENYV-424x600.jpg\" title=\"&#8220;Bertsolaritza, zonbait behako&#8221; erakusketa\" alt=\"&#8220;Bertsolaritza, zonbait behako&#8221; erakusketa\">\r\n                <\/a><\/div><div class=\"ect-grid-date\">\r\n                <div class=\"ect-date-area grid-view-schedule\" itemprop=\"startDate\" content=\"2026-09-02CEST10:00\">\r\n\t\t\t\t\t\t\t<span class=\"ev-day\">02<\/span>\r\n\t\t\t\t\t\t\t<span class=\"ev-mo\">iraila<\/span>\r\n\t\t\t\t\t\t\t<span class=\"ev-yr\">2026<\/span>\r\n\t\t\t\t\t\t\t<span class=\"ev-time\"><span class=\"ect-icon\"><i class=\"ect-icon-clock\" aria-hidden=\"true\"><\/i><\/span> 2 iraila 2026 - 19 iraila 2026<\/span>\r\n\t\t\t\t\t\t\t<\/div>\r\n\t\t\t\t\t\t\t<meta itemprop=\"endDate\" content=\"2026-09-19CEST6:00\">\r\n                <\/div><div class=\"ect-grid-title\"><h4><a class=\"ect-event-url\" href=\"https:\/\/hasparren.fr\/eu\/evenement\/exposition-bertsolaritza-zonbait-behako\/\" rel=\"bookmark\">&#8220;Bertsolaritza, zonbait behako&#8221; erakusketa<\/a><\/h4><\/div><div class=\"ect-grid-readmore full-view\">\r\n                  <a href=\"https:\/\/hasparren.fr\/eu\/evenement\/exposition-bertsolaritza-zonbait-behako\/\" title=\"&#8220;Bertsolaritza, zonbait behako&#8221; erakusketa\" rel=\"bookmark\">Find out more<\/a>\r\n                  <\/div><\/div><\/div><div id = \"event-47881\" class=\"ect-grid-event style-1 ect-simple-event col-md-3\" itemscope itemtype=\"http:\/\/schema.org\/Event\">\r\n                <div class=\"ect-grid-event-area\">\r\n                <meta itemprop=\"name\" content=\"Tournoi tennis de table &#8211; non licenci\u00e9s\">\r\n                <meta itemprop=\"image\" content=\"https:\/\/hasparren.fr\/wp-content\/uploads\/2025\/11\/03efc027-0010-48ae-b143-cbfb685db71e-424x600.jpeg\">\r\n                <meta itemprop=\"description\" content=\"Tournoi tennis de table - non licenci\u00e9s 19:00 accueil et inscriptions (fin \u00e0 19h45) 20:00 : d\u00e9but du tournoi Ouvert \u00e0 tous (loisir) 5\u20ac buvette et restauration sur place plus [&hellip;]\"><div class=\"ect-grid-image\">\r\n                <a href=\"https:\/\/hasparren.fr\/eu\/evenement\/tournoi-tennis-de-table-non-licencies\/\">\r\n                <img decoding=\"async\" src=\"https:\/\/hasparren.fr\/wp-content\/uploads\/2025\/11\/03efc027-0010-48ae-b143-cbfb685db71e-424x600.jpeg\" title=\"Tournoi tennis de table &#8211; non licenci\u00e9s\" alt=\"Tournoi tennis de table &#8211; non licenci\u00e9s\">\r\n                <\/a><\/div><div class=\"ect-grid-date\">\r\n                <div class=\"ect-date-area grid-view-schedule\" itemprop=\"startDate\" content=\"2026-09-04CEST7:00\">\r\n\t\t\t\t\t\t\t<span class=\"ev-day\">04<\/span>\r\n\t\t\t\t\t\t\t<span class=\"ev-mo\">iraila<\/span>\r\n\t\t\t\t\t\t\t<span class=\"ev-yr\">2026<\/span>\r\n\t\t\t\t\t\t\t<span class=\"ev-time\"><span class=\"ect-icon\"><i class=\"ect-icon-clock\" aria-hidden=\"true\"><\/i><\/span> 19:00 - 23:00<\/span>\r\n\t\t\t\t\t\t\t<\/div>\r\n\t\t\t\t\t\t\t<meta itemprop=\"endDate\" content=\"2026-09-04CEST11:00\">\r\n                <\/div><div class=\"ect-grid-title\"><h4><a class=\"ect-event-url\" href=\"https:\/\/hasparren.fr\/eu\/evenement\/tournoi-tennis-de-table-non-licencies\/\" rel=\"bookmark\">Tournoi tennis de table &#8211; non licenci\u00e9s<\/a><\/h4><\/div><div class=\"ect-grid-readmore full-view\">\r\n                  <a href=\"https:\/\/hasparren.fr\/eu\/evenement\/tournoi-tennis-de-table-non-licencies\/\" title=\"Tournoi tennis de table &#8211; non licenci\u00e9s\" rel=\"bookmark\">Find out more<\/a>\r\n                  <\/div><\/div><\/div><div id = \"event-47937\" class=\"ect-grid-event style-1 ect-simple-event col-md-3\" itemscope itemtype=\"http:\/\/schema.org\/Event\">\r\n                <div class=\"ect-grid-event-area\">\r\n                <meta itemprop=\"name\" content=\"Concert du ch\u0153ur Elgarrekin\">\r\n                <meta itemprop=\"image\" content=\"https:\/\/hasparren.fr\/wp-content\/uploads\/2021\/06\/event-template-bg-1.png\">\r\n                <meta itemprop=\"description\" content=\"Concert du ch\u0153ur Elgarrekin\"><div class=\"ect-grid-image\">\r\n                <a href=\"https:\/\/hasparren.fr\/eu\/evenement\/concert-du-choeur-elgarrekin\/\">\r\n                <img decoding=\"async\" src=\"https:\/\/hasparren.fr\/wp-content\/uploads\/2021\/06\/event-template-bg-1.png\" title=\"Concert du ch\u0153ur Elgarrekin\" alt=\"Concert du ch\u0153ur Elgarrekin\">\r\n                <\/a><\/div><div class=\"ect-grid-date\">\r\n                <div class=\"ect-date-area grid-view-schedule\" itemprop=\"startDate\" content=\"2026-09-04CEST9:00\">\r\n\t\t\t\t\t\t\t<span class=\"ev-day\">04<\/span>\r\n\t\t\t\t\t\t\t<span class=\"ev-mo\">iraila<\/span>\r\n\t\t\t\t\t\t\t<span class=\"ev-yr\">2026<\/span>\r\n\t\t\t\t\t\t\t<span class=\"ev-time\"><span class=\"ect-icon\"><i class=\"ect-icon-clock\" aria-hidden=\"true\"><\/i><\/span> 21:00 - 23:00<\/span>\r\n\t\t\t\t\t\t\t<\/div>\r\n\t\t\t\t\t\t\t<meta itemprop=\"endDate\" content=\"2026-09-04CEST11:00\">\r\n                <\/div><div class=\"ect-grid-title\"><h4><a class=\"ect-event-url\" href=\"https:\/\/hasparren.fr\/eu\/evenement\/concert-du-choeur-elgarrekin\/\" rel=\"bookmark\">Concert du ch\u0153ur Elgarrekin<\/a><\/h4><\/div><div class=\"ect-grid-readmore full-view\">\r\n                  <a href=\"https:\/\/hasparren.fr\/eu\/evenement\/concert-du-choeur-elgarrekin\/\" title=\"Concert du ch\u0153ur Elgarrekin\" rel=\"bookmark\">Find out more<\/a>\r\n                  <\/div><\/div><\/div><div id = \"event-47882\" class=\"ect-grid-event style-1 ect-simple-event col-md-3\" itemscope itemtype=\"http:\/\/schema.org\/Event\">\r\n                <div class=\"ect-grid-event-area\">\r\n                <meta itemprop=\"name\" content=\"Tournoi de quilles\">\r\n                <meta itemprop=\"image\" content=\"https:\/\/hasparren.fr\/wp-content\/uploads\/2021\/06\/event-template-bg-1.png\">\r\n                <meta itemprop=\"description\" content=\"Tournoi de quilles\"><div class=\"ect-grid-image\">\r\n                <a href=\"https:\/\/hasparren.fr\/eu\/evenement\/tournoi-de-quilles-13\/\">\r\n                <img decoding=\"async\" src=\"https:\/\/hasparren.fr\/wp-content\/uploads\/2021\/06\/event-template-bg-1.png\" title=\"Tournoi de quilles\" alt=\"Tournoi de quilles\">\r\n                <\/a><\/div><div class=\"ect-grid-date\">\r\n                <div class=\"ect-date-area grid-view-schedule\" itemprop=\"startDate\" content=\"2026-09-06CEST2:00\">\r\n\t\t\t\t\t\t\t<span class=\"ev-day\">06<\/span>\r\n\t\t\t\t\t\t\t<span class=\"ev-mo\">iraila<\/span>\r\n\t\t\t\t\t\t\t<span class=\"ev-yr\">2026<\/span>\r\n\t\t\t\t\t\t\t<span class=\"ev-time\"><span class=\"ect-icon\"><i class=\"ect-icon-clock\" aria-hidden=\"true\"><\/i><\/span> 14:00 - 19:00<\/span>\r\n\t\t\t\t\t\t\t<\/div>\r\n\t\t\t\t\t\t\t<meta itemprop=\"endDate\" content=\"2026-09-06CEST7:00\">\r\n                <\/div><div class=\"ect-grid-title\"><h4><a class=\"ect-event-url\" href=\"https:\/\/hasparren.fr\/eu\/evenement\/tournoi-de-quilles-13\/\" rel=\"bookmark\">Tournoi de quilles<\/a><\/h4><\/div><div class=\"ect-grid-readmore full-view\">\r\n                  <a href=\"https:\/\/hasparren.fr\/eu\/evenement\/tournoi-de-quilles-13\/\" title=\"Tournoi de quilles\" rel=\"bookmark\">Find out more<\/a>\r\n                  <\/div><\/div><\/div><div id = \"event-50428\" class=\"ect-grid-event style-1 ect-simple-event col-md-3\" itemscope itemtype=\"http:\/\/schema.org\/Event\">\r\n                <div class=\"ect-grid-event-area\">\r\n                <meta itemprop=\"name\" content=\"Balade cont\u00e9e en c\u0153ur de ville\">\r\n                <meta itemprop=\"image\" content=\"https:\/\/hasparren.fr\/wp-content\/uploads\/2026\/06\/Gabaris-agenda-balades-1054x600.jpg\">\r\n                <meta itemprop=\"description\" content=\"\u00a0 En partenariat avec l&#039;Association des Commer\u00e7ants de Hasparren, partez \u00e0 la d\u00e9couverte des histoires, anecdotes et du patrimoine de Hasparren les mardis et jeudi d\u2019\u00e9t\u00e9 \u00e0 partir de 09:30\u00a0 [&hellip;]\"><div class=\"ect-grid-image\">\r\n                <a href=\"https:\/\/hasparren.fr\/eu\/evenement\/balade-contee-en-coeur-de-ville-21\/\">\r\n                <img decoding=\"async\" src=\"https:\/\/hasparren.fr\/wp-content\/uploads\/2026\/06\/Gabaris-agenda-balades-1054x600.jpg\" title=\"Balade cont\u00e9e en c\u0153ur de ville\" alt=\"Balade cont\u00e9e en c\u0153ur de ville\">\r\n                <\/a><\/div><div class=\"ect-grid-date\">\r\n                <div class=\"ect-date-area grid-view-schedule\" itemprop=\"startDate\" content=\"2026-09-08CEST9:30\">\r\n\t\t\t\t\t\t\t<span class=\"ev-day\">08<\/span>\r\n\t\t\t\t\t\t\t<span class=\"ev-mo\">iraila<\/span>\r\n\t\t\t\t\t\t\t<span class=\"ev-yr\">2026<\/span>\r\n\t\t\t\t\t\t\t<span class=\"ev-time\"><span class=\"ect-icon\"><i class=\"ect-icon-clock\" aria-hidden=\"true\"><\/i><\/span> 9:30 - 11:30<\/span>\r\n\t\t\t\t\t\t\t<\/div>\r\n\t\t\t\t\t\t\t<meta itemprop=\"endDate\" content=\"2026-09-08CEST11:30\">\r\n                <\/div><div class=\"ect-grid-title\"><h4><a class=\"ect-event-url\" href=\"https:\/\/hasparren.fr\/eu\/evenement\/balade-contee-en-coeur-de-ville-21\/\" rel=\"bookmark\">Balade cont\u00e9e en c\u0153ur de ville<\/a><\/h4><\/div><div class=\"ect-grid-readmore full-view\">\r\n                  <a href=\"https:\/\/hasparren.fr\/eu\/evenement\/balade-contee-en-coeur-de-ville-21\/\" title=\"Balade cont\u00e9e en c\u0153ur de ville\" rel=\"bookmark\">Find out more<\/a>\r\n                  <\/div><\/div><\/div><div id = \"event-50429\" class=\"ect-grid-event style-1 ect-simple-event col-md-3\" itemscope itemtype=\"http:\/\/schema.org\/Event\">\r\n                <div class=\"ect-grid-event-area\">\r\n                <meta itemprop=\"name\" content=\"Balade cont\u00e9e en c\u0153ur de ville\">\r\n                <meta itemprop=\"image\" content=\"https:\/\/hasparren.fr\/wp-content\/uploads\/2026\/06\/Gabaris-agenda-balades-1054x600.jpg\">\r\n                <meta itemprop=\"description\" content=\"\u00a0 En partenariat avec l&#039;Association des Commer\u00e7ants de Hasparren, partez \u00e0 la d\u00e9couverte des histoires, anecdotes et du patrimoine de Hasparren les mardis et jeudi d\u2019\u00e9t\u00e9 \u00e0 partir de 09:30\u00a0 [&hellip;]\"><div class=\"ect-grid-image\">\r\n                <a href=\"https:\/\/hasparren.fr\/eu\/evenement\/balade-contee-en-coeur-de-ville-20\/\">\r\n                <img decoding=\"async\" src=\"https:\/\/hasparren.fr\/wp-content\/uploads\/2026\/06\/Gabaris-agenda-balades-1054x600.jpg\" title=\"Balade cont\u00e9e en c\u0153ur de ville\" alt=\"Balade cont\u00e9e en c\u0153ur de ville\">\r\n                <\/a><\/div><div class=\"ect-grid-date\">\r\n                <div class=\"ect-date-area grid-view-schedule\" itemprop=\"startDate\" content=\"2026-09-10CEST9:30\">\r\n\t\t\t\t\t\t\t<span class=\"ev-day\">10<\/span>\r\n\t\t\t\t\t\t\t<span class=\"ev-mo\">iraila<\/span>\r\n\t\t\t\t\t\t\t<span class=\"ev-yr\">2026<\/span>\r\n\t\t\t\t\t\t\t<span class=\"ev-time\"><span class=\"ect-icon\"><i class=\"ect-icon-clock\" aria-hidden=\"true\"><\/i><\/span> 9:30 - 11:30<\/span>\r\n\t\t\t\t\t\t\t<\/div>\r\n\t\t\t\t\t\t\t<meta itemprop=\"endDate\" content=\"2026-09-10CEST11:30\">\r\n                <\/div><div class=\"ect-grid-title\"><h4><a class=\"ect-event-url\" href=\"https:\/\/hasparren.fr\/eu\/evenement\/balade-contee-en-coeur-de-ville-20\/\" rel=\"bookmark\">Balade cont\u00e9e en c\u0153ur de ville<\/a><\/h4><\/div><div class=\"ect-grid-readmore full-view\">\r\n                  <a href=\"https:\/\/hasparren.fr\/eu\/evenement\/balade-contee-en-coeur-de-ville-20\/\" title=\"Balade cont\u00e9e en c\u0153ur de ville\" rel=\"bookmark\">Find out more<\/a>\r\n                  <\/div><\/div><\/div><div id = \"event-50430\" class=\"ect-grid-event style-1 ect-simple-event col-md-3\" itemscope itemtype=\"http:\/\/schema.org\/Event\">\r\n                <div class=\"ect-grid-event-area\">\r\n                <meta itemprop=\"name\" content=\"Balade cont\u00e9e en c\u0153ur de ville\">\r\n                <meta itemprop=\"image\" content=\"https:\/\/hasparren.fr\/wp-content\/uploads\/2026\/06\/Gabaris-agenda-balades-1054x600.jpg\">\r\n                <meta itemprop=\"description\" content=\"\u00a0 En partenariat avec l&#039;Association des Commer\u00e7ants de Hasparren, partez \u00e0 la d\u00e9couverte des histoires, anecdotes et du patrimoine de Hasparren les mardis et jeudi d\u2019\u00e9t\u00e9 \u00e0 partir de 09:30\u00a0 [&hellip;]\"><div class=\"ect-grid-image\">\r\n                <a href=\"https:\/\/hasparren.fr\/eu\/evenement\/balade-contee-en-coeur-de-ville-22\/\">\r\n                <img decoding=\"async\" src=\"https:\/\/hasparren.fr\/wp-content\/uploads\/2026\/06\/Gabaris-agenda-balades-1054x600.jpg\" title=\"Balade cont\u00e9e en c\u0153ur de ville\" alt=\"Balade cont\u00e9e en c\u0153ur de ville\">\r\n                <\/a><\/div><div class=\"ect-grid-date\">\r\n                <div class=\"ect-date-area grid-view-schedule\" itemprop=\"startDate\" content=\"2026-09-15CEST9:30\">\r\n\t\t\t\t\t\t\t<span class=\"ev-day\">15<\/span>\r\n\t\t\t\t\t\t\t<span class=\"ev-mo\">iraila<\/span>\r\n\t\t\t\t\t\t\t<span class=\"ev-yr\">2026<\/span>\r\n\t\t\t\t\t\t\t<span class=\"ev-time\"><span class=\"ect-icon\"><i class=\"ect-icon-clock\" aria-hidden=\"true\"><\/i><\/span> 9:30 - 11:30<\/span>\r\n\t\t\t\t\t\t\t<\/div>\r\n\t\t\t\t\t\t\t<meta itemprop=\"endDate\" content=\"2026-09-15CEST11:30\">\r\n                <\/div><div class=\"ect-grid-title\"><h4><a class=\"ect-event-url\" href=\"https:\/\/hasparren.fr\/eu\/evenement\/balade-contee-en-coeur-de-ville-22\/\" rel=\"bookmark\">Balade cont\u00e9e en c\u0153ur de ville<\/a><\/h4><\/div><div class=\"ect-grid-readmore full-view\">\r\n                  <a href=\"https:\/\/hasparren.fr\/eu\/evenement\/balade-contee-en-coeur-de-ville-22\/\" title=\"Balade cont\u00e9e en c\u0153ur de ville\" rel=\"bookmark\">Find out more<\/a>\r\n                  <\/div><\/div><\/div><div id = \"event-50431\" class=\"ect-grid-event style-1 ect-simple-event col-md-3\" itemscope itemtype=\"http:\/\/schema.org\/Event\">\r\n                <div class=\"ect-grid-event-area\">\r\n                <meta itemprop=\"name\" content=\"Balade cont\u00e9e en c\u0153ur de ville\">\r\n                <meta itemprop=\"image\" content=\"https:\/\/hasparren.fr\/wp-content\/uploads\/2026\/06\/Gabaris-agenda-balades-1054x600.jpg\">\r\n                <meta itemprop=\"description\" content=\"\u00a0 En partenariat avec l&#039;Association des Commer\u00e7ants de Hasparren, partez \u00e0 la d\u00e9couverte des histoires, anecdotes et du patrimoine de Hasparren les mardis et jeudi d\u2019\u00e9t\u00e9 \u00e0 partir de 09:30\u00a0 [&hellip;]\"><div class=\"ect-grid-image\">\r\n                <a href=\"https:\/\/hasparren.fr\/eu\/evenement\/balade-contee-en-coeur-de-ville-23\/\">\r\n                <img decoding=\"async\" src=\"https:\/\/hasparren.fr\/wp-content\/uploads\/2026\/06\/Gabaris-agenda-balades-1054x600.jpg\" title=\"Balade cont\u00e9e en c\u0153ur de ville\" alt=\"Balade cont\u00e9e en c\u0153ur de ville\">\r\n                <\/a><\/div><div class=\"ect-grid-date\">\r\n                <div class=\"ect-date-area grid-view-schedule\" itemprop=\"startDate\" content=\"2026-09-17CEST9:30\">\r\n\t\t\t\t\t\t\t<span class=\"ev-day\">17<\/span>\r\n\t\t\t\t\t\t\t<span class=\"ev-mo\">iraila<\/span>\r\n\t\t\t\t\t\t\t<span class=\"ev-yr\">2026<\/span>\r\n\t\t\t\t\t\t\t<span class=\"ev-time\"><span class=\"ect-icon\"><i class=\"ect-icon-clock\" aria-hidden=\"true\"><\/i><\/span> 9:30 - 11:30<\/span>\r\n\t\t\t\t\t\t\t<\/div>\r\n\t\t\t\t\t\t\t<meta itemprop=\"endDate\" content=\"2026-09-17CEST11:30\">\r\n                <\/div><div class=\"ect-grid-title\"><h4><a class=\"ect-event-url\" href=\"https:\/\/hasparren.fr\/eu\/evenement\/balade-contee-en-coeur-de-ville-23\/\" rel=\"bookmark\">Balade cont\u00e9e en c\u0153ur de ville<\/a><\/h4><\/div><div class=\"ect-grid-readmore full-view\">\r\n                  <a href=\"https:\/\/hasparren.fr\/eu\/evenement\/balade-contee-en-coeur-de-ville-23\/\" title=\"Balade cont\u00e9e en c\u0153ur de ville\" rel=\"bookmark\">Find out more<\/a>\r\n                  <\/div><\/div><\/div><div id = \"event-47891\" class=\"ect-grid-event style-1 ect-simple-event col-md-3\" itemscope itemtype=\"http:\/\/schema.org\/Event\">\r\n                <div class=\"ect-grid-event-area\">\r\n                <meta itemprop=\"name\" content=\"IPARRALDE TOUR\">\r\n                <meta itemprop=\"image\" content=\"https:\/\/hasparren.fr\/wp-content\/uploads\/2025\/11\/WhatsApp-Image-2026-06-08-at-15.01.46-424x600.jpeg\">\r\n                <meta itemprop=\"description\" content=\"IPARRALDE TOUR organis\u00e9 par le club moto Euskal herriko Semeak Parcours au coeur de lapurdi, ouvert \u00e0 tous (motos de toute cat\u00e9gorie)\"><div class=\"ect-grid-image\">\r\n                <a href=\"https:\/\/hasparren.fr\/eu\/evenement\/iparralde-tour\/\">\r\n                <img decoding=\"async\" src=\"https:\/\/hasparren.fr\/wp-content\/uploads\/2025\/11\/WhatsApp-Image-2026-06-08-at-15.01.46-424x600.jpeg\" title=\"IPARRALDE TOUR\" alt=\"IPARRALDE TOUR\">\r\n                <\/a><\/div><div class=\"ect-grid-date\">\r\n                <div class=\"ect-date-area grid-view-schedule\" itemprop=\"startDate\" content=\"2026-09-18CEST12:00\">\r\n\t\t\t\t\t\t\t<span class=\"ev-day\">18<\/span>\r\n\t\t\t\t\t\t\t<span class=\"ev-mo\">iraila<\/span>\r\n\t\t\t\t\t\t\t<span class=\"ev-yr\">2026<\/span>\r\n\t\t\t\t\t\t\t<span class=\"ev-time\"><span class=\"ect-icon\"><i class=\"ect-icon-clock\" aria-hidden=\"true\"><\/i><\/span> 18 iraila 2026 - 20 iraila 2026<\/span>\r\n\t\t\t\t\t\t\t<\/div>\r\n\t\t\t\t\t\t\t<meta itemprop=\"endDate\" content=\"2026-09-20CEST11:59\">\r\n                <\/div><div class=\"ect-grid-title\"><h4><a class=\"ect-event-url\" href=\"https:\/\/hasparren.fr\/eu\/evenement\/iparralde-tour\/\" rel=\"bookmark\">IPARRALDE TOUR<\/a><\/h4><\/div><div class=\"ect-grid-readmore full-view\">\r\n                  <a href=\"https:\/\/hasparren.fr\/eu\/evenement\/iparralde-tour\/\" title=\"IPARRALDE TOUR\" rel=\"bookmark\">Find out more<\/a>\r\n                  <\/div><\/div><\/div><div id = \"event-47883\" class=\"ect-grid-event style-1 ect-simple-event col-md-3\" itemscope itemtype=\"http:\/\/schema.org\/Event\">\r\n                <div class=\"ect-grid-event-area\">\r\n                <meta itemprop=\"name\" content=\"Urtxin\u2019Trail 2026 \u2013 3e \u00e9dition\">\r\n                <meta itemprop=\"image\" content=\"https:\/\/hasparren.fr\/wp-content\/uploads\/2025\/11\/IMG-20260811-WA0001-403x600.jpg\">\r\n                <meta itemprop=\"description\" content=\"La 3e \u00e9dition de l\u2019Urtxin\u2019Trail se d\u00e9roulera le samedi 19 septembre 2026 \u00e0 Hasparren, place Harana. Buvette, restauration et jeux gonflables sur place. Les deux \u00e9preuves de trail, 15 km [&hellip;]\"><div class=\"ect-grid-image\">\r\n                <a href=\"https:\/\/hasparren.fr\/eu\/evenement\/urtxintrail-2\/\">\r\n                <img decoding=\"async\" src=\"https:\/\/hasparren.fr\/wp-content\/uploads\/2025\/11\/IMG-20260811-WA0001-403x600.jpg\" title=\"Urtxin\u2019Trail 2026 \u2013 3e \u00e9dition\" alt=\"Urtxin\u2019Trail 2026 \u2013 3e \u00e9dition\">\r\n                <\/a><\/div><div class=\"ect-grid-date\">\r\n                <div class=\"ect-date-area grid-view-schedule\" itemprop=\"startDate\" content=\"2026-09-19CEST5:00\">\r\n\t\t\t\t\t\t\t<span class=\"ev-day\">19<\/span>\r\n\t\t\t\t\t\t\t<span class=\"ev-mo\">iraila<\/span>\r\n\t\t\t\t\t\t\t<span class=\"ev-yr\">2026<\/span>\r\n\t\t\t\t\t\t\t<span class=\"ev-time\"><span class=\"ect-icon\"><i class=\"ect-icon-clock\" aria-hidden=\"true\"><\/i><\/span> 17:00 - 23:30<\/span>\r\n\t\t\t\t\t\t\t<\/div>\r\n\t\t\t\t\t\t\t<meta itemprop=\"endDate\" content=\"2026-09-19CEST11:30\">\r\n                <\/div><div class=\"ect-grid-title\"><h4><a class=\"ect-event-url\" href=\"https:\/\/hasparren.fr\/eu\/evenement\/urtxintrail-2\/\" rel=\"bookmark\">Urtxin\u2019Trail 2026 \u2013 3e \u00e9dition<\/a><\/h4><\/div><div class=\"ect-grid-readmore full-view\">\r\n                  <a href=\"https:\/\/hasparren.fr\/eu\/evenement\/urtxintrail-2\/\" title=\"Urtxin\u2019Trail 2026 \u2013 3e \u00e9dition\" rel=\"bookmark\">Find out more<\/a>\r\n                  <\/div><\/div><\/div><div id = \"event-48071\" class=\"ect-grid-event style-1 ect-simple-event col-md-3\" itemscope itemtype=\"http:\/\/schema.org\/Event\">\r\n                <div class=\"ect-grid-event-area\">\r\n                <meta itemprop=\"name\" content=\"Bertsulari\">\r\n                <meta itemprop=\"image\" content=\"https:\/\/hasparren.fr\/wp-content\/uploads\/2026\/06\/Hazparne-424x600.jpg\">\r\n                <meta itemprop=\"description\" content=\"Repr\u00e9sentation du championnat de bertsolari 2026 \u00e0 Hazparne. 19\/09\/2026\u00a0\u00e0 17h00\u00a0\u00e0 la salle\u00a0Mendeala. Il s\u2019agit de la premi\u00e8re repr\u00e9sentation du championnat. Les bertsolari seront: Unai Anda Delika Miren Artetxe Sarasola Eki [&hellip;]\"><div class=\"ect-grid-image\">\r\n                <a href=\"https:\/\/hasparren.fr\/eu\/evenement\/bertsulari-2\/\">\r\n                <img decoding=\"async\" src=\"https:\/\/hasparren.fr\/wp-content\/uploads\/2026\/06\/Hazparne-424x600.jpg\" title=\"Bertsulari\" alt=\"Bertsulari\">\r\n                <\/a><\/div><div class=\"ect-grid-date\">\r\n                <div class=\"ect-date-area grid-view-schedule\" itemprop=\"startDate\" content=\"2026-09-19CEST5:00\">\r\n\t\t\t\t\t\t\t<span class=\"ev-day\">19<\/span>\r\n\t\t\t\t\t\t\t<span class=\"ev-mo\">iraila<\/span>\r\n\t\t\t\t\t\t\t<span class=\"ev-yr\">2026<\/span>\r\n\t\t\t\t\t\t\t<span class=\"ev-time\"><span class=\"ect-icon\"><i class=\"ect-icon-clock\" aria-hidden=\"true\"><\/i><\/span> 17:00 - 19:00<\/span>\r\n\t\t\t\t\t\t\t<\/div>\r\n\t\t\t\t\t\t\t<meta itemprop=\"endDate\" content=\"2026-09-19CEST7:00\">\r\n                <\/div><div class=\"ect-grid-title\"><h4><a class=\"ect-event-url\" href=\"https:\/\/hasparren.fr\/eu\/evenement\/bertsulari-2\/\" rel=\"bookmark\">Bertsulari<\/a><\/h4><\/div><div class=\"ect-grid-readmore full-view\">\r\n                  <a href=\"https:\/\/hasparren.fr\/eu\/evenement\/bertsulari-2\/\" title=\"Bertsulari\" rel=\"bookmark\">Find out more<\/a>\r\n                  <\/div><\/div><\/div><div id = \"event-50165\" class=\"ect-grid-event style-1 ect-simple-event col-md-3\" itemscope itemtype=\"http:\/\/schema.org\/Event\">\r\n                <div class=\"ect-grid-event-area\">\r\n                <meta itemprop=\"name\" content=\"Euskal Herriko Bertoslari Txapelketa\">\r\n                <meta itemprop=\"image\" content=\"https:\/\/hasparren.fr\/wp-content\/uploads\/2026\/06\/Hazparne-424x600.jpg\">\r\n                <meta itemprop=\"description\" content=\"Irailaren 19an, larunbatez, 17:00etatik goiti, Bertsu Txapelketa Hazparneko Mendeala gelan izanen da. &nbsp;\"><div class=\"ect-grid-image\">\r\n                <a href=\"https:\/\/hasparren.fr\/eu\/evenement\/championnat-de-bertsu\/\">\r\n                <img decoding=\"async\" src=\"https:\/\/hasparren.fr\/wp-content\/uploads\/2026\/06\/Hazparne-424x600.jpg\" title=\"Euskal Herriko Bertoslari Txapelketa\" alt=\"Euskal Herriko Bertoslari Txapelketa\">\r\n                <\/a><\/div><div class=\"ect-grid-date\">\r\n                <div class=\"ect-date-area grid-view-schedule\" itemprop=\"startDate\" content=\"2026-09-19CEST5:00\">\r\n\t\t\t\t\t\t\t<span class=\"ev-day\">19<\/span>\r\n\t\t\t\t\t\t\t<span class=\"ev-mo\">iraila<\/span>\r\n\t\t\t\t\t\t\t<span class=\"ev-yr\">2026<\/span>\r\n\t\t\t\t\t\t\t<span class=\"ev-time\"><span class=\"ect-icon\"><i class=\"ect-icon-clock\" aria-hidden=\"true\"><\/i><\/span> 17:00 - 20:00<\/span>\r\n\t\t\t\t\t\t\t<\/div>\r\n\t\t\t\t\t\t\t<meta itemprop=\"endDate\" content=\"2026-09-19CEST8:00\">\r\n                <\/div><div class=\"ect-grid-title\"><h4><a class=\"ect-event-url\" href=\"https:\/\/hasparren.fr\/eu\/evenement\/championnat-de-bertsu\/\" rel=\"bookmark\">Euskal Herriko Bertoslari Txapelketa<\/a><\/h4><\/div><div class=\"ect-grid-readmore full-view\">\r\n                  <a href=\"https:\/\/hasparren.fr\/eu\/evenement\/championnat-de-bertsu\/\" title=\"Euskal Herriko Bertoslari Txapelketa\" rel=\"bookmark\">Find out more<\/a>\r\n                  <\/div><\/div><\/div><div id = \"event-47893\" class=\"ect-grid-event style-1 ect-simple-event col-md-3\" itemscope itemtype=\"http:\/\/schema.org\/Event\">\r\n                <div class=\"ect-grid-event-area\">\r\n                <meta itemprop=\"name\" content=\"Journ\u00e9e du talo &#038; d\u00e9fil\u00e9\">\r\n                <meta itemprop=\"image\" content=\"https:\/\/hasparren.fr\/wp-content\/uploads\/2021\/06\/event-template-bg-1.png\">\r\n                <meta itemprop=\"description\" content=\"Journ\u00e9e du talo &amp; d\u00e9fil\u00e9\"><div class=\"ect-grid-image\">\r\n                <a href=\"https:\/\/hasparren.fr\/eu\/evenement\/journee-du-talo-defile\/\">\r\n                <img decoding=\"async\" src=\"https:\/\/hasparren.fr\/wp-content\/uploads\/2021\/06\/event-template-bg-1.png\" title=\"Journ\u00e9e du talo &#038; d\u00e9fil\u00e9\" alt=\"Journ\u00e9e du talo &#038; d\u00e9fil\u00e9\">\r\n                <\/a><\/div><div class=\"ect-grid-date\">\r\n                <div class=\"ect-date-area grid-view-schedule\" itemprop=\"startDate\" content=\"2026-09-20CEST8:00\">\r\n\t\t\t\t\t\t\t<span class=\"ev-day\">20<\/span>\r\n\t\t\t\t\t\t\t<span class=\"ev-mo\">iraila<\/span>\r\n\t\t\t\t\t\t\t<span class=\"ev-yr\">2026<\/span>\r\n\t\t\t\t\t\t\t<span class=\"ev-time\"><span class=\"ect-icon\"><i class=\"ect-icon-clock\" aria-hidden=\"true\"><\/i><\/span> 8:00 - 13:30<\/span>\r\n\t\t\t\t\t\t\t<\/div>\r\n\t\t\t\t\t\t\t<meta itemprop=\"endDate\" content=\"2026-09-20CEST1:30\">\r\n                <\/div><div class=\"ect-grid-title\"><h4><a class=\"ect-event-url\" href=\"https:\/\/hasparren.fr\/eu\/evenement\/journee-du-talo-defile\/\" rel=\"bookmark\">Journ\u00e9e du talo &#038; d\u00e9fil\u00e9<\/a><\/h4><\/div><div class=\"ect-grid-readmore full-view\">\r\n                  <a href=\"https:\/\/hasparren.fr\/eu\/evenement\/journee-du-talo-defile\/\" title=\"Journ\u00e9e du talo &#038; d\u00e9fil\u00e9\" rel=\"bookmark\">Find out more<\/a>\r\n                  <\/div><\/div><\/div><div id = \"event-50432\" class=\"ect-grid-event style-1 ect-simple-event col-md-3\" itemscope itemtype=\"http:\/\/schema.org\/Event\">\r\n                <div class=\"ect-grid-event-area\">\r\n                <meta itemprop=\"name\" content=\"Balade cont\u00e9e en c\u0153ur de ville\">\r\n                <meta itemprop=\"image\" content=\"https:\/\/hasparren.fr\/wp-content\/uploads\/2026\/06\/Gabaris-agenda-balades-1054x600.jpg\">\r\n                <meta itemprop=\"description\" content=\"\u00a0 En partenariat avec l&#039;Association des Commer\u00e7ants de Hasparren, partez \u00e0 la d\u00e9couverte des histoires, anecdotes et du patrimoine de Hasparren les mardis et jeudi d\u2019\u00e9t\u00e9 \u00e0 partir de 09:30\u00a0 [&hellip;]\"><div class=\"ect-grid-image\">\r\n                <a href=\"https:\/\/hasparren.fr\/eu\/evenement\/balade-contee-en-coeur-de-ville-24\/\">\r\n                <img decoding=\"async\" src=\"https:\/\/hasparren.fr\/wp-content\/uploads\/2026\/06\/Gabaris-agenda-balades-1054x600.jpg\" title=\"Balade cont\u00e9e en c\u0153ur de ville\" alt=\"Balade cont\u00e9e en c\u0153ur de ville\">\r\n                <\/a><\/div><div class=\"ect-grid-date\">\r\n                <div class=\"ect-date-area grid-view-schedule\" itemprop=\"startDate\" content=\"2026-09-22CEST9:30\">\r\n\t\t\t\t\t\t\t<span class=\"ev-day\">22<\/span>\r\n\t\t\t\t\t\t\t<span class=\"ev-mo\">iraila<\/span>\r\n\t\t\t\t\t\t\t<span class=\"ev-yr\">2026<\/span>\r\n\t\t\t\t\t\t\t<span class=\"ev-time\"><span class=\"ect-icon\"><i class=\"ect-icon-clock\" aria-hidden=\"true\"><\/i><\/span> 9:30 - 11:30<\/span>\r\n\t\t\t\t\t\t\t<\/div>\r\n\t\t\t\t\t\t\t<meta itemprop=\"endDate\" content=\"2026-09-22CEST11:30\">\r\n                <\/div><div class=\"ect-grid-title\"><h4><a class=\"ect-event-url\" href=\"https:\/\/hasparren.fr\/eu\/evenement\/balade-contee-en-coeur-de-ville-24\/\" rel=\"bookmark\">Balade cont\u00e9e en c\u0153ur de ville<\/a><\/h4><\/div><div class=\"ect-grid-readmore full-view\">\r\n                  <a href=\"https:\/\/hasparren.fr\/eu\/evenement\/balade-contee-en-coeur-de-ville-24\/\" title=\"Balade cont\u00e9e en c\u0153ur de ville\" rel=\"bookmark\">Find out more<\/a>\r\n                  <\/div><\/div><\/div><div id = \"event-50435\" class=\"ect-grid-event style-1 ect-simple-event col-md-3\" itemscope itemtype=\"http:\/\/schema.org\/Event\">\r\n                <div class=\"ect-grid-event-area\">\r\n                <meta itemprop=\"name\" content=\"Balade cont\u00e9e en c\u0153ur de ville\">\r\n                <meta itemprop=\"image\" content=\"https:\/\/hasparren.fr\/wp-content\/uploads\/2026\/06\/Gabaris-agenda-balades-1054x600.jpg\">\r\n                <meta itemprop=\"description\" content=\"\u00a0 En partenariat avec l&#039;Association des Commer\u00e7ants de Hasparren, partez \u00e0 la d\u00e9couverte des histoires, anecdotes et du patrimoine de Hasparren les mardis et jeudi d\u2019\u00e9t\u00e9 \u00e0 partir de 09:30\u00a0 [&hellip;]\"><div class=\"ect-grid-image\">\r\n                <a href=\"https:\/\/hasparren.fr\/eu\/evenement\/balade-contee-en-coeur-de-ville-26\/\">\r\n                <img decoding=\"async\" src=\"https:\/\/hasparren.fr\/wp-content\/uploads\/2026\/06\/Gabaris-agenda-balades-1054x600.jpg\" title=\"Balade cont\u00e9e en c\u0153ur de ville\" alt=\"Balade cont\u00e9e en c\u0153ur de ville\">\r\n                <\/a><\/div><div class=\"ect-grid-date\">\r\n                <div class=\"ect-date-area grid-view-schedule\" itemprop=\"startDate\" content=\"2026-09-24CEST9:30\">\r\n\t\t\t\t\t\t\t<span class=\"ev-day\">24<\/span>\r\n\t\t\t\t\t\t\t<span class=\"ev-mo\">iraila<\/span>\r\n\t\t\t\t\t\t\t<span class=\"ev-yr\">2026<\/span>\r\n\t\t\t\t\t\t\t<span class=\"ev-time\"><span class=\"ect-icon\"><i class=\"ect-icon-clock\" aria-hidden=\"true\"><\/i><\/span> 9:30 - 11:30<\/span>\r\n\t\t\t\t\t\t\t<\/div>\r\n\t\t\t\t\t\t\t<meta itemprop=\"endDate\" content=\"2026-09-24CEST11:30\">\r\n                <\/div><div class=\"ect-grid-title\"><h4><a class=\"ect-event-url\" href=\"https:\/\/hasparren.fr\/eu\/evenement\/balade-contee-en-coeur-de-ville-26\/\" rel=\"bookmark\">Balade cont\u00e9e en c\u0153ur de ville<\/a><\/h4><\/div><div class=\"ect-grid-readmore full-view\">\r\n                  <a href=\"https:\/\/hasparren.fr\/eu\/evenement\/balade-contee-en-coeur-de-ville-26\/\" title=\"Balade cont\u00e9e en c\u0153ur de ville\" rel=\"bookmark\">Find out more<\/a>\r\n                  <\/div><\/div><\/div><div id = \"event-48073\" class=\"ect-grid-event style-1 ect-simple-event col-md-3\" itemscope itemtype=\"http:\/\/schema.org\/Event\">\r\n                <div class=\"ect-grid-event-area\">\r\n                <meta itemprop=\"name\" content=\"50 ans d\u2019Hegalka : Urratsez Urrats\">\r\n                <meta itemprop=\"image\" content=\"https:\/\/hasparren.fr\/wp-content\/uploads\/2025\/12\/Urratsez-Urrats-424x600.png\">\r\n                <meta itemprop=\"description\" content=\"\u00c0 l\u2019occasion de son 50\u1d49 anniversaire, le groupe de danse Hegalka invite le public \u00e0 d\u00e9couvrir \u00ab Urratsez Urrats \u00bb, une cr\u00e9ation r\u00e9alis\u00e9e en collaboration avec le musicien R\u00e9mi Geffroy. [&hellip;]\"><div class=\"ect-grid-image\">\r\n                <a href=\"https:\/\/hasparren.fr\/eu\/evenement\/50-ans-dhegalka\/\">\r\n                <img decoding=\"async\" src=\"https:\/\/hasparren.fr\/wp-content\/uploads\/2025\/12\/Urratsez-Urrats-424x600.png\" title=\"50 ans d\u2019Hegalka : Urratsez Urrats\" alt=\"50 ans d\u2019Hegalka : Urratsez Urrats\">\r\n                <\/a><\/div><div class=\"ect-grid-date\">\r\n                <div class=\"ect-date-area grid-view-schedule\" itemprop=\"startDate\" content=\"2026-09-26CEST8:30\">\r\n\t\t\t\t\t\t\t<span class=\"ev-day\">26<\/span>\r\n\t\t\t\t\t\t\t<span class=\"ev-mo\">iraila<\/span>\r\n\t\t\t\t\t\t\t<span class=\"ev-yr\">2026<\/span>\r\n\t\t\t\t\t\t\t<span class=\"ev-time\"><span class=\"ect-icon\"><i class=\"ect-icon-clock\" aria-hidden=\"true\"><\/i><\/span> 20:30<\/span>\r\n\t\t\t\t\t\t\t<\/div>\r\n\t\t\t\t\t\t\t<meta itemprop=\"endDate\" content=\"2026-09-26CEST8:30\">\r\n                <\/div><div class=\"ect-grid-title\"><h4><a class=\"ect-event-url\" href=\"https:\/\/hasparren.fr\/eu\/evenement\/50-ans-dhegalka\/\" rel=\"bookmark\">50 ans d\u2019Hegalka : Urratsez Urrats<\/a><\/h4><\/div><div class=\"ect-grid-readmore full-view\">\r\n                  <a href=\"https:\/\/hasparren.fr\/eu\/evenement\/50-ans-dhegalka\/\" title=\"50 ans d\u2019Hegalka : Urratsez Urrats\" rel=\"bookmark\">Find out more<\/a>\r\n                  <\/div><\/div><\/div><div id = \"event-50434\" class=\"ect-grid-event style-1 ect-simple-event col-md-3\" itemscope itemtype=\"http:\/\/schema.org\/Event\">\r\n                <div class=\"ect-grid-event-area\">\r\n                <meta itemprop=\"name\" content=\"Balade cont\u00e9e en c\u0153ur de ville\">\r\n                <meta itemprop=\"image\" content=\"https:\/\/hasparren.fr\/wp-content\/uploads\/2026\/06\/Gabaris-agenda-balades-1054x600.jpg\">\r\n                <meta itemprop=\"description\" content=\"\u00a0 En partenariat avec l&#039;Association des Commer\u00e7ants de Hasparren, partez \u00e0 la d\u00e9couverte des histoires, anecdotes et du patrimoine de Hasparren les mardis et jeudi d\u2019\u00e9t\u00e9 \u00e0 partir de 09:30\u00a0 [&hellip;]\"><div class=\"ect-grid-image\">\r\n                <a href=\"https:\/\/hasparren.fr\/eu\/evenement\/balade-contee-en-coeur-de-ville-25\/\">\r\n                <img decoding=\"async\" src=\"https:\/\/hasparren.fr\/wp-content\/uploads\/2026\/06\/Gabaris-agenda-balades-1054x600.jpg\" title=\"Balade cont\u00e9e en c\u0153ur de ville\" alt=\"Balade cont\u00e9e en c\u0153ur de ville\">\r\n                <\/a><\/div><div class=\"ect-grid-date\">\r\n                <div class=\"ect-date-area grid-view-schedule\" itemprop=\"startDate\" content=\"2026-09-29CEST9:30\">\r\n\t\t\t\t\t\t\t<span class=\"ev-day\">29<\/span>\r\n\t\t\t\t\t\t\t<span class=\"ev-mo\">iraila<\/span>\r\n\t\t\t\t\t\t\t<span class=\"ev-yr\">2026<\/span>\r\n\t\t\t\t\t\t\t<span class=\"ev-time\"><span class=\"ect-icon\"><i class=\"ect-icon-clock\" aria-hidden=\"true\"><\/i><\/span> 9:30 - 11:30<\/span>\r\n\t\t\t\t\t\t\t<\/div>\r\n\t\t\t\t\t\t\t<meta itemprop=\"endDate\" content=\"2026-09-29CEST11:30\">\r\n                <\/div><div class=\"ect-grid-title\"><h4><a class=\"ect-event-url\" href=\"https:\/\/hasparren.fr\/eu\/evenement\/balade-contee-en-coeur-de-ville-25\/\" rel=\"bookmark\">Balade cont\u00e9e en c\u0153ur de ville<\/a><\/h4><\/div><div class=\"ect-grid-readmore full-view\">\r\n                  <a href=\"https:\/\/hasparren.fr\/eu\/evenement\/balade-contee-en-coeur-de-ville-25\/\" title=\"Balade cont\u00e9e en c\u0153ur de ville\" rel=\"bookmark\">Find out more<\/a>\r\n                  <\/div><\/div><\/div><div id = \"event-47900\" class=\"ect-grid-event style-1 ect-simple-event col-md-3\" itemscope itemtype=\"http:\/\/schema.org\/Event\">\r\n                <div class=\"ect-grid-event-area\">\r\n                <meta itemprop=\"name\" content=\"Randonn\u00e9e VTT\">\r\n                <meta itemprop=\"image\" content=\"https:\/\/hasparren.fr\/wp-content\/uploads\/2021\/06\/event-template-bg-1.png\">\r\n                <meta itemprop=\"description\" content=\"Randonn\u00e9e VTT\"><div class=\"ect-grid-image\">\r\n                <a href=\"https:\/\/hasparren.fr\/eu\/evenement\/randonnee-vtt\/\">\r\n                <img decoding=\"async\" src=\"https:\/\/hasparren.fr\/wp-content\/uploads\/2021\/06\/event-template-bg-1.png\" title=\"Randonn\u00e9e VTT\" alt=\"Randonn\u00e9e VTT\">\r\n                <\/a><\/div><div class=\"ect-grid-date\">\r\n                <div class=\"ect-date-area grid-view-schedule\" itemprop=\"startDate\" content=\"2026-10-11CEST7:00\">\r\n\t\t\t\t\t\t\t<span class=\"ev-day\">11<\/span>\r\n\t\t\t\t\t\t\t<span class=\"ev-mo\">urria<\/span>\r\n\t\t\t\t\t\t\t<span class=\"ev-yr\">2026<\/span>\r\n\t\t\t\t\t\t\t<span class=\"ev-time\"><span class=\"ect-icon\"><i class=\"ect-icon-clock\" aria-hidden=\"true\"><\/i><\/span> 7:00 - 14:00<\/span>\r\n\t\t\t\t\t\t\t<\/div>\r\n\t\t\t\t\t\t\t<meta itemprop=\"endDate\" content=\"2026-10-11CEST2:00\">\r\n                <\/div><div class=\"ect-grid-title\"><h4><a class=\"ect-event-url\" href=\"https:\/\/hasparren.fr\/eu\/evenement\/randonnee-vtt\/\" rel=\"bookmark\">Randonn\u00e9e VTT<\/a><\/h4><\/div><div class=\"ect-grid-readmore full-view\">\r\n                  <a href=\"https:\/\/hasparren.fr\/eu\/evenement\/randonnee-vtt\/\" title=\"Randonn\u00e9e VTT\" rel=\"bookmark\">Find out more<\/a>\r\n                  <\/div><\/div><\/div><div id = \"event-47899\" class=\"ect-grid-event style-1 ect-simple-event col-md-3\" itemscope itemtype=\"http:\/\/schema.org\/Event\">\r\n                <div class=\"ect-grid-event-area\">\r\n                <meta itemprop=\"name\" content=\"Tournoi de quilles\">\r\n                <meta itemprop=\"image\" content=\"https:\/\/hasparren.fr\/wp-content\/uploads\/2021\/06\/event-template-bg-1.png\">\r\n                <meta itemprop=\"description\" content=\"Tournoi de quilles\"><div class=\"ect-grid-image\">\r\n                <a href=\"https:\/\/hasparren.fr\/eu\/evenement\/tournoi-de-quilles-14\/\">\r\n                <img decoding=\"async\" src=\"https:\/\/hasparren.fr\/wp-content\/uploads\/2021\/06\/event-template-bg-1.png\" title=\"Tournoi de quilles\" alt=\"Tournoi de quilles\">\r\n                <\/a><\/div><div class=\"ect-grid-date\">\r\n                <div class=\"ect-date-area grid-view-schedule\" itemprop=\"startDate\" content=\"2026-10-11CEST2:00\">\r\n\t\t\t\t\t\t\t<span class=\"ev-day\">11<\/span>\r\n\t\t\t\t\t\t\t<span class=\"ev-mo\">urria<\/span>\r\n\t\t\t\t\t\t\t<span class=\"ev-yr\">2026<\/span>\r\n\t\t\t\t\t\t\t<span class=\"ev-time\"><span class=\"ect-icon\"><i class=\"ect-icon-clock\" aria-hidden=\"true\"><\/i><\/span> 14:00 - 19:00<\/span>\r\n\t\t\t\t\t\t\t<\/div>\r\n\t\t\t\t\t\t\t<meta itemprop=\"endDate\" content=\"2026-10-11CEST7:00\">\r\n                <\/div><div class=\"ect-grid-title\"><h4><a class=\"ect-event-url\" href=\"https:\/\/hasparren.fr\/eu\/evenement\/tournoi-de-quilles-14\/\" rel=\"bookmark\">Tournoi de quilles<\/a><\/h4><\/div><div class=\"ect-grid-readmore full-view\">\r\n                  <a href=\"https:\/\/hasparren.fr\/eu\/evenement\/tournoi-de-quilles-14\/\" title=\"Tournoi de quilles\" rel=\"bookmark\">Find out more<\/a>\r\n                  <\/div><\/div><\/div><div id = \"event-47910\" class=\"ect-grid-event style-1 ect-simple-event col-md-3\" itemscope itemtype=\"http:\/\/schema.org\/Event\">\r\n                <div class=\"ect-grid-event-area\">\r\n                <meta itemprop=\"name\" content=\"Vide-grenier\">\r\n                <meta itemprop=\"image\" content=\"https:\/\/hasparren.fr\/wp-content\/uploads\/2021\/06\/event-template-bg-1.png\">\r\n                <meta itemprop=\"description\" content=\"Vide-grenier\"><div class=\"ect-grid-image\">\r\n                <a href=\"https:\/\/hasparren.fr\/eu\/evenement\/vide-grenier-7\/\">\r\n                <img decoding=\"async\" src=\"https:\/\/hasparren.fr\/wp-content\/uploads\/2021\/06\/event-template-bg-1.png\" title=\"Vide-grenier\" alt=\"Vide-grenier\">\r\n                <\/a><\/div><div class=\"ect-grid-date\">\r\n                <div class=\"ect-date-area grid-view-schedule\" itemprop=\"startDate\" content=\"2026-11-15CET8:30\">\r\n\t\t\t\t\t\t\t<span class=\"ev-day\">15<\/span>\r\n\t\t\t\t\t\t\t<span class=\"ev-mo\">azaroa<\/span>\r\n\t\t\t\t\t\t\t<span class=\"ev-yr\">2026<\/span>\r\n\t\t\t\t\t\t\t<span class=\"ev-time\"><span class=\"ect-icon\"><i class=\"ect-icon-clock\" aria-hidden=\"true\"><\/i><\/span> 8:30 - 17:00<\/span>\r\n\t\t\t\t\t\t\t<\/div>\r\n\t\t\t\t\t\t\t<meta itemprop=\"endDate\" content=\"2026-11-15CET5:00\">\r\n                <\/div><div class=\"ect-grid-title\"><h4><a class=\"ect-event-url\" href=\"https:\/\/hasparren.fr\/eu\/evenement\/vide-grenier-7\/\" rel=\"bookmark\">Vide-grenier<\/a><\/h4><\/div><div class=\"ect-grid-readmore full-view\">\r\n                  <a href=\"https:\/\/hasparren.fr\/eu\/evenement\/vide-grenier-7\/\" title=\"Vide-grenier\" rel=\"bookmark\">Find out more<\/a>\r\n                  <\/div><\/div><\/div><div id = \"event-47911\" class=\"ect-grid-event style-1 ect-simple-event col-md-3\" itemscope itemtype=\"http:\/\/schema.org\/Event\">\r\n                <div class=\"ect-grid-event-area\">\r\n                <meta itemprop=\"name\" content=\"ZINEGIN FESTIBALA\">\r\n                <meta itemprop=\"image\" content=\"https:\/\/hasparren.fr\/wp-content\/uploads\/2021\/06\/event-template-bg-1.png\">\r\n                <meta itemprop=\"description\" content=\"ZINEGIN FESTIBALA\"><div class=\"ect-grid-image\">\r\n                <a href=\"https:\/\/hasparren.fr\/eu\/evenement\/zinegin-festibala\/\">\r\n                <img decoding=\"async\" src=\"https:\/\/hasparren.fr\/wp-content\/uploads\/2021\/06\/event-template-bg-1.png\" title=\"ZINEGIN FESTIBALA\" alt=\"ZINEGIN FESTIBALA\">\r\n                <\/a><\/div><div class=\"ect-grid-date\">\r\n                <div class=\"ect-date-area grid-view-schedule\" itemprop=\"startDate\" content=\"2026-11-19CET12:00\">\r\n\t\t\t\t\t\t\t<span class=\"ev-day\">19<\/span>\r\n\t\t\t\t\t\t\t<span class=\"ev-mo\">azaroa<\/span>\r\n\t\t\t\t\t\t\t<span class=\"ev-yr\">2026<\/span>\r\n\t\t\t\t\t\t\t<span class=\"ev-time\"><span class=\"ect-icon\"><i class=\"ect-icon-clock\" aria-hidden=\"true\"><\/i><\/span> 19 azaroa 2026 - 22 azaroa 2026<\/span>\r\n\t\t\t\t\t\t\t<\/div>\r\n\t\t\t\t\t\t\t<meta itemprop=\"endDate\" content=\"2026-11-22CET11:59\">\r\n                <\/div><div class=\"ect-grid-title\"><h4><a class=\"ect-event-url\" href=\"https:\/\/hasparren.fr\/eu\/evenement\/zinegin-festibala\/\" rel=\"bookmark\">ZINEGIN FESTIBALA<\/a><\/h4><\/div><div class=\"ect-grid-readmore full-view\">\r\n                  <a href=\"https:\/\/hasparren.fr\/eu\/evenement\/zinegin-festibala\/\" title=\"ZINEGIN FESTIBALA\" rel=\"bookmark\">Find out more<\/a>\r\n                  <\/div><\/div><\/div><div id = \"event-47912\" class=\"ect-grid-event style-1 ect-simple-event col-md-3\" itemscope itemtype=\"http:\/\/schema.org\/Event\">\r\n                <div class=\"ect-grid-event-area\">\r\n                <meta itemprop=\"name\" content=\"Spectacle danses folkloriques Urkainiennes\">\r\n                <meta itemprop=\"image\" content=\"https:\/\/hasparren.fr\/wp-content\/uploads\/2021\/06\/event-template-bg-1.png\">\r\n                <meta itemprop=\"description\" content=\"Spectacle danses folkloriques Urkainiennes\"><div class=\"ect-grid-image\">\r\n                <a href=\"https:\/\/hasparren.fr\/eu\/evenement\/spectacle-danses-folkloriques-urkainiennes\/\">\r\n                <img decoding=\"async\" src=\"https:\/\/hasparren.fr\/wp-content\/uploads\/2021\/06\/event-template-bg-1.png\" title=\"Spectacle danses folkloriques Urkainiennes\" alt=\"Spectacle danses folkloriques Urkainiennes\">\r\n                <\/a><\/div><div class=\"ect-grid-date\">\r\n                <div class=\"ect-date-area grid-view-schedule\" itemprop=\"startDate\" content=\"2026-11-20CET8:30\">\r\n\t\t\t\t\t\t\t<span class=\"ev-day\">20<\/span>\r\n\t\t\t\t\t\t\t<span class=\"ev-mo\">azaroa<\/span>\r\n\t\t\t\t\t\t\t<span class=\"ev-yr\">2026<\/span>\r\n\t\t\t\t\t\t\t<span class=\"ev-time\"><span class=\"ect-icon\"><i class=\"ect-icon-clock\" aria-hidden=\"true\"><\/i><\/span> 20:30 - 22:00<\/span>\r\n\t\t\t\t\t\t\t<\/div>\r\n\t\t\t\t\t\t\t<meta itemprop=\"endDate\" content=\"2026-11-20CET10:00\">\r\n                <\/div><div class=\"ect-grid-title\"><h4><a class=\"ect-event-url\" href=\"https:\/\/hasparren.fr\/eu\/evenement\/spectacle-danses-folkloriques-urkainiennes\/\" rel=\"bookmark\">Spectacle danses folkloriques Urkainiennes<\/a><\/h4><\/div><div class=\"ect-grid-readmore full-view\">\r\n                  <a href=\"https:\/\/hasparren.fr\/eu\/evenement\/spectacle-danses-folkloriques-urkainiennes\/\" title=\"Spectacle danses folkloriques Urkainiennes\" rel=\"bookmark\">Find out more<\/a>\r\n                  <\/div><\/div><\/div><div id = \"event-47913\" class=\"ect-grid-event style-1 ect-simple-event col-md-3\" itemscope itemtype=\"http:\/\/schema.org\/Event\">\r\n                <div class=\"ect-grid-event-area\">\r\n                <meta itemprop=\"name\" content=\"March\u00e9 de No\u00ebl\">\r\n                <meta itemprop=\"image\" content=\"https:\/\/hasparren.fr\/wp-content\/uploads\/2021\/06\/event-template-bg-1.png\">\r\n                <meta itemprop=\"description\" content=\"March\u00e9 de No\u00ebl\"><div class=\"ect-grid-image\">\r\n                <a href=\"https:\/\/hasparren.fr\/eu\/evenement\/marche-de-noel\/\">\r\n                <img decoding=\"async\" src=\"https:\/\/hasparren.fr\/wp-content\/uploads\/2021\/06\/event-template-bg-1.png\" title=\"March\u00e9 de No\u00ebl\" alt=\"March\u00e9 de No\u00ebl\">\r\n                <\/a><\/div><div class=\"ect-grid-date\">\r\n                <div class=\"ect-date-area grid-view-schedule\" itemprop=\"startDate\" content=\"2026-11-29CET9:00\">\r\n\t\t\t\t\t\t\t<span class=\"ev-day\">29<\/span>\r\n\t\t\t\t\t\t\t<span class=\"ev-mo\">azaroa<\/span>\r\n\t\t\t\t\t\t\t<span class=\"ev-yr\">2026<\/span>\r\n\t\t\t\t\t\t\t<span class=\"ev-time\"><span class=\"ect-icon\"><i class=\"ect-icon-clock\" aria-hidden=\"true\"><\/i><\/span> 9:00 - 17:00<\/span>\r\n\t\t\t\t\t\t\t<\/div>\r\n\t\t\t\t\t\t\t<meta itemprop=\"endDate\" content=\"2026-11-29CET5:00\">\r\n                <\/div><div class=\"ect-grid-title\"><h4><a class=\"ect-event-url\" href=\"https:\/\/hasparren.fr\/eu\/evenement\/marche-de-noel\/\" rel=\"bookmark\">March\u00e9 de No\u00ebl<\/a><\/h4><\/div><div class=\"ect-grid-readmore full-view\">\r\n                  <a href=\"https:\/\/hasparren.fr\/eu\/evenement\/marche-de-noel\/\" title=\"March\u00e9 de No\u00ebl\" rel=\"bookmark\">Find out more<\/a>\r\n                  <\/div><\/div><\/div><\/div><\/div><\/p>\n","protected":false},"excerpt":{"rendered":"<p>Gertakari bat xerkatu<\/p>\n","protected":false},"author":14,"featured_media":13133,"parent":24921,"menu_order":0,"comment_status":"closed","ping_status":"closed","template":"page-templates\/page-full-width.php","meta":{"_acf_changed":false,"cybocfi_hide_featured_image":"yes","footnotes":""},"class_list":["post-18422","page","type-page","status-publish","has-post-thumbnail","hentry","clearfix"],"acf":[],"yoast_head":"<!-- This site is optimized with the Yoast SEO plugin v28.4 - https:\/\/yoast.com\/product\/yoast-seo-wordpress\/ -->\n<title>Agenda - Hasparren, commune du Pays Basque<\/title>\n<meta name=\"robots\" content=\"index, follow, max-snippet:-1, max-image-preview:large, max-video-preview:-1\" \/>\n<link rel=\"canonical\" href=\"https:\/\/hasparren.fr\/eu\/agenda-hasparren\/\" \/>\n<meta property=\"og:locale\" content=\"eu_ES\" \/>\n<meta property=\"og:type\" content=\"article\" \/>\n<meta property=\"og:title\" content=\"Agenda - Hasparren, commune du Pays Basque\" \/>\n<meta property=\"og:description\" content=\"Gertakari bat xerkatu\" \/>\n<meta property=\"og:url\" content=\"https:\/\/hasparren.fr\/eu\/agenda-hasparren\/\" \/>\n<meta property=\"og:site_name\" content=\"Hasparren, commune du Pays Basque\" \/>\n<meta property=\"article:modified_time\" content=\"2025-05-27T14:32:08+00:00\" \/>\n<meta property=\"og:image\" content=\"https:\/\/hasparren.fr\/wp-content\/uploads\/2020\/10\/hasparren-categorie-e1605709389335.jpg\" \/>\n\t<meta property=\"og:image:width\" content=\"895\" \/>\n\t<meta property=\"og:image:height\" content=\"443\" \/>\n\t<meta property=\"og:image:type\" content=\"image\/jpeg\" \/>\n<meta name=\"twitter:card\" content=\"summary_large_image\" \/>\n<meta name=\"twitter:label1\" content=\"Est. reading time\" \/>\n\t<meta name=\"twitter:data1\" content=\"1 minutua\" \/>\n<script type=\"application\/ld+json\" class=\"yoast-schema-graph\">{\"@context\":\"https:\\\/\\\/schema.org\",\"@graph\":[{\"@type\":\"WebPage\",\"@id\":\"https:\\\/\\\/hasparren.fr\\\/eu\\\/agenda-hasparren\\\/\",\"url\":\"https:\\\/\\\/hasparren.fr\\\/eu\\\/agenda-hasparren\\\/\",\"name\":\"Agenda - Hasparren, commune du Pays Basque\",\"isPartOf\":{\"@id\":\"https:\\\/\\\/hasparren.fr\\\/#website\"},\"primaryImageOfPage\":{\"@id\":\"https:\\\/\\\/hasparren.fr\\\/eu\\\/agenda-hasparren\\\/#primaryimage\"},\"image\":{\"@id\":\"https:\\\/\\\/hasparren.fr\\\/eu\\\/agenda-hasparren\\\/#primaryimage\"},\"thumbnailUrl\":\"https:\\\/\\\/hasparren.fr\\\/wp-content\\\/uploads\\\/2020\\\/10\\\/hasparren-categorie-e1605709389335.jpg\",\"datePublished\":\"2021-02-25T15:57:30+00:00\",\"dateModified\":\"2025-05-27T14:32:08+00:00\",\"breadcrumb\":{\"@id\":\"https:\\\/\\\/hasparren.fr\\\/eu\\\/agenda-hasparren\\\/#breadcrumb\"},\"inLanguage\":\"eu\",\"potentialAction\":[{\"@type\":\"ReadAction\",\"target\":[\"https:\\\/\\\/hasparren.fr\\\/eu\\\/agenda-hasparren\\\/\"]}]},{\"@type\":\"BreadcrumbList\",\"@id\":\"https:\\\/\\\/hasparren.fr\\\/eu\\\/agenda-hasparren\\\/#breadcrumb\",\"itemListElement\":[{\"@type\":\"ListItem\",\"position\":1,\"name\":\"Accueil\",\"item\":\"https:\\\/\\\/hasparren.fr\\\/eu\\\/\"},{\"@type\":\"ListItem\",\"position\":2,\"name\":\"Agenda\"}]},{\"@type\":\"WebSite\",\"@id\":\"https:\\\/\\\/hasparren.fr\\\/#website\",\"url\":\"https:\\\/\\\/hasparren.fr\\\/\",\"name\":\"Hasparren, commune du Pays Basque\",\"description\":\"Hasparren, commune du Pays Basque\",\"potentialAction\":[{\"@type\":\"SearchAction\",\"target\":{\"@type\":\"EntryPoint\",\"urlTemplate\":\"https:\\\/\\\/hasparren.fr\\\/?s={search_term_string}\"},\"query-input\":{\"@type\":\"PropertyValueSpecification\",\"valueRequired\":true,\"valueName\":\"search_term_string\"}}],\"inLanguage\":\"eu\"}]}<\/script>\n<!-- \/ Yoast SEO plugin. -->","yoast_head_json":{"title":"Agenda - Hasparren, commune du Pays Basque","robots":{"index":"index","follow":"follow","max-snippet":"max-snippet:-1","max-image-preview":"max-image-preview:large","max-video-preview":"max-video-preview:-1"},"canonical":"https:\/\/hasparren.fr\/eu\/agenda-hasparren\/","og_locale":"eu_ES","og_type":"article","og_title":"Agenda - Hasparren, commune du Pays Basque","og_description":"Gertakari bat xerkatu","og_url":"https:\/\/hasparren.fr\/eu\/agenda-hasparren\/","og_site_name":"Hasparren, commune du Pays Basque","article_modified_time":"2025-05-27T14:32:08+00:00","og_image":[{"width":895,"height":443,"url":"https:\/\/hasparren.fr\/wp-content\/uploads\/2020\/10\/hasparren-categorie-e1605709389335.jpg","type":"image\/jpeg"}],"twitter_card":"summary_large_image","twitter_misc":{"Est. reading time":"1 minutua"},"schema":{"@context":"https:\/\/schema.org","@graph":[{"@type":"WebPage","@id":"https:\/\/hasparren.fr\/eu\/agenda-hasparren\/","url":"https:\/\/hasparren.fr\/eu\/agenda-hasparren\/","name":"Agenda - Hasparren, commune du Pays Basque","isPartOf":{"@id":"https:\/\/hasparren.fr\/#website"},"primaryImageOfPage":{"@id":"https:\/\/hasparren.fr\/eu\/agenda-hasparren\/#primaryimage"},"image":{"@id":"https:\/\/hasparren.fr\/eu\/agenda-hasparren\/#primaryimage"},"thumbnailUrl":"https:\/\/hasparren.fr\/wp-content\/uploads\/2020\/10\/hasparren-categorie-e1605709389335.jpg","datePublished":"2021-02-25T15:57:30+00:00","dateModified":"2025-05-27T14:32:08+00:00","breadcrumb":{"@id":"https:\/\/hasparren.fr\/eu\/agenda-hasparren\/#breadcrumb"},"inLanguage":"eu","potentialAction":[{"@type":"ReadAction","target":["https:\/\/hasparren.fr\/eu\/agenda-hasparren\/"]}]},{"@type":"BreadcrumbList","@id":"https:\/\/hasparren.fr\/eu\/agenda-hasparren\/#breadcrumb","itemListElement":[{"@type":"ListItem","position":1,"name":"Accueil","item":"https:\/\/hasparren.fr\/eu\/"},{"@type":"ListItem","position":2,"name":"Agenda"}]},{"@type":"WebSite","@id":"https:\/\/hasparren.fr\/#website","url":"https:\/\/hasparren.fr\/","name":"Hasparren, commune du Pays Basque","description":"Hasparren, commune du Pays Basque","potentialAction":[{"@type":"SearchAction","target":{"@type":"EntryPoint","urlTemplate":"https:\/\/hasparren.fr\/?s={search_term_string}"},"query-input":{"@type":"PropertyValueSpecification","valueRequired":true,"valueName":"search_term_string"}}],"inLanguage":"eu"}]}},"publishpress_future_action":{"enabled":false,"date":"2026-09-11 16:39:04","action":"change-status","newStatus":"draft","terms":[],"taxonomy":"translation_priority","extraData":[]},"publishpress_future_workflow_manual_trigger":{"enabledWorkflows":[]},"_links":{"self":[{"href":"https:\/\/hasparren.fr\/eu\/wp-json\/wp\/v2\/pages\/18422","targetHints":{"allow":["GET"]}}],"collection":[{"href":"https:\/\/hasparren.fr\/eu\/wp-json\/wp\/v2\/pages"}],"about":[{"href":"https:\/\/hasparren.fr\/eu\/wp-json\/wp\/v2\/types\/page"}],"author":[{"embeddable":true,"href":"https:\/\/hasparren.fr\/eu\/wp-json\/wp\/v2\/users\/14"}],"replies":[{"embeddable":true,"href":"https:\/\/hasparren.fr\/eu\/wp-json\/wp\/v2\/comments?post=18422"}],"version-history":[{"count":0,"href":"https:\/\/hasparren.fr\/eu\/wp-json\/wp\/v2\/pages\/18422\/revisions"}],"up":[{"embeddable":true,"href":"https:\/\/hasparren.fr\/eu\/wp-json\/wp\/v2\/pages\/24921"}],"wp:featuredmedia":[{"embeddable":true,"href":"https:\/\/hasparren.fr\/eu\/wp-json\/wp\/v2\/media\/13133"}],"wp:attachment":[{"href":"https:\/\/hasparren.fr\/eu\/wp-json\/wp\/v2\/media?parent=18422"}],"curies":[{"name":"wp","href":"https:\/\/api.w.org\/{rel}","templated":true}]}}