{"id":30277,"date":"2022-02-04T14:27:21","date_gmt":"2022-02-04T13:27:21","guid":{"rendered":"https:\/\/hasparren.fr\/?page_id=30277"},"modified":"2022-08-22T08:59:01","modified_gmt":"2022-08-22T06:59:01","slug":"evenements-a-lagenda-de-hasparren","status":"publish","type":"page","link":"https:\/\/hasparren.fr\/eu\/evenements-a-lagenda-de-hasparren\/","title":{"rendered":"Ev\u00e8nements \u00e0 l&#8217;agenda de Hasparren"},"content":{"rendered":"<h2>Juillet 2022<\/h2>\n<p>Date : 1 juillet 2022<br \/>\nEv\u00e8nement : Gala gym et dance<br \/>\nHoraires : 19:00 \u00e0 23:00<br \/>\nLieu : Salle Mendeala<\/p>\n<p>Date : 1 juillet au 30 septembre<br \/>\nEv\u00e8nement : Concours photo, ma r\u00e9gion en images<br \/>\nHoraires :<br \/>\nLieu :<\/p>\n<p>Date :\u00a0 2 juillet 2022<br \/>\nEv\u00e8nement :\u00a0Football : 50 ans du club<br \/>\nHoraires :<br \/>\nLieu : Salle Harana<\/p>\n<p>Date : 3 juillet 2022<br \/>\nEv\u00e8nement : Kermesse \u00e9cole Jean Verdun<br \/>\nHoraires : Toute la journ\u00e9e<br \/>\nLieu : \u00c9cole Jean Verdun<\/p>\n<p>Date : 9 au 10 juillet 2022<br \/>\nEv\u00e8nement : Kermesse paroissiale Hasparren<br \/>\nHoraires :<br \/>\nLieu : Place des Tilleuls<\/p>\n<p>Date :\u00a0 10 juillet 2022<br \/>\nEv\u00e8nement :\u00a0Trail des vautours<br \/>\nHoraires :<br \/>\nLieu :<\/p>\n<p>Date :\u00a0 10 juillet 2022<br \/>\nEv\u00e8nement : V\u00e9hicules anciens<br \/>\nHoraires :<br \/>\nLieu : Multi-frontons<\/p>\n<p>Date : 11 au 24 juillet 2022<br \/>\nEv\u00e8nement : Tournoi d&#8217;\u00e9t\u00e9 de tennis<br \/>\nHoraires : Toute la journ\u00e9e<br \/>\nLieu : Club de tennis &#8211; Hasparren<\/p>\n<p>Date :\u00a0 13 juillet 2022<br \/>\nEv\u00e8nement : Courses de vaches<br \/>\nHoraires : 21:00 &#8211; 23:00<br \/>\nLieu : Ar\u00e8nes municipales<\/p>\n<p>Date :\u00a0 15 au 16 juillet 2022<br \/>\nEv\u00e8nement :\u00a0Concert : ch\u0153ur d\u2019hommes Elgarrekin<br \/>\nHoraires : 22:00<br \/>\nLieu : Eglise Saint Jean Baptiste<\/p>\n<p>Date :\u00a0 17 juillet 2022<br \/>\nEv\u00e8nement : Quilles de neuf<br \/>\nHoraires :<br \/>\nLieu : Parc d\u2019Eihartzea<\/p>\n<p>Date : 18 au 22 juillet 2022<br \/>\nEv\u00e8nement : Beaux jours de Bel&#8217;loc<br \/>\nHoraires :<br \/>\nLieu : Abbaye de Belloc<\/p>\n<p>Date :\u00a0 18 au 24 juillet 2022<br \/>\nEv\u00e8nement : Exposition Georgia Niekrasz<br \/>\nHoraires :<br \/>\nLieu : Salle Pierre Choribit<\/p>\n<p>Date :\u00a0 19 juillet 2022<br \/>\nEv\u00e8nement :\u00a0Concert : chorale mixte Mendi Xola<br \/>\nHoraires :<br \/>\nLieu : Eglise Saint Jean Baptiste<\/p>\n<p>Date :\u00a0 20 juillet 2022<br \/>\nEv\u00e8nement : Courses de vaches<br \/>\nHoraires : 21:00 &#8211; 23:00<br \/>\nLieu : Ar\u00e8nes municipales<\/p>\n<p>Date : 24 juillet 2022<br \/>\nEv\u00e8nement : Vide grenier<br \/>\nHoraires : 8:00 \u00e0 19:30<br \/>\nLieu : Fronton Zelai<\/p>\n<p>Date :\u00a0 24 juillet 2022<br \/>\nEv\u00e8nement :\u00a0Concert : chorale Hegalkanta<br \/>\nHoraires :<br \/>\nLieu : Eglise Saint Jean Baptiste<\/p>\n<p>Date :\u00a0 25 juillet au 8 ao\u00fbt 2022<br \/>\nEv\u00e8nement : Exposition : LEHENGO HAZPARNE<br \/>\nHoraires :<br \/>\nLieu : Salle Pierre Choribit<\/p>\n<p>Date :\u00a0 26 au 27 juillet 2022<br \/>\nEv\u00e8nement :\u00a0Traditions basques<br \/>\nHoraires :<br \/>\nLieu :<\/p>\n<p>Date :\u00a0 27 juillet 2022<br \/>\nEv\u00e8nement : Courses de vaches<br \/>\nHoraires : 21:00 &#8211; 23:00<br \/>\nLieu : Ar\u00e8nes municipales<\/p>\n<p>Date :\u00a0 30 juillet 2022<br \/>\nEv\u00e8nement : Th\u00e9\u00e2tre en plein air &#8211; Le bal des voleurs &#8211; de Jean Anouilh<br \/>\nHoraires : 21:00 &#8211; 23:00<br \/>\nLieu : Eihartzea<\/p>\n<h2>Aout 2022<\/h2>\n<p>Date :\u00a0 2 au 3 ao\u00fbt 2022<br \/>\nEv\u00e8nement :\u00a0Traditions basques<br \/>\nHoraires :<br \/>\nLieu :<\/p>\n<p>Date :\u00a0 3 ao\u00fbt 2022<br \/>\nEv\u00e8nement : Courses de vaches<br \/>\nHoraires : 21:00 &#8211; 23:00<br \/>\nLieu : Ar\u00e8nes municipales<\/p>\n<p>Date :\u00a0 4 ao\u00fbt 2022<br \/>\nEv\u00e8nement : Concert : ch\u0153ur d\u2019hommes Elgarrekin<br \/>\nHoraires : 21h00<br \/>\nLieu : \u00c9glise St Jean<\/p>\n<p>Date :\u00a0 5 ao\u00fbt 2022<br \/>\nEv\u00e8nement : Concours d&#8217;Irrintzina<br \/>\nHoraires : 19:00 &#8211; 23:30<br \/>\nLieu : Fronton d&#8217;Urcuray<\/p>\n<p>Date : 5 au 6 ao\u00fbt 2022<br \/>\nEv\u00e8nement : Championnat de France Enduro Kid<br \/>\nHoraires :<br \/>\nLieu : L&#8217;enseigne<\/p>\n<p>Date :\u00a0 7 ao\u00fbt 2022<br \/>\nEv\u00e8nement :\u00a0Lehengo Hazparne<br \/>\nHoraires :<br \/>\nLieu : Salle Mendeala<\/p>\n<p>Date :\u00a0 7 ao\u00fbt 2022<br \/>\nEv\u00e8nement : Quilles de neuf<br \/>\nHoraires :<br \/>\nLieu : Parc d\u2019Eihartzea<\/p>\n<p>Date :\u00a0 9 ao\u00fbt 2022<br \/>\nEv\u00e8nement : Concert : chorale mixte Mendi Xola<br \/>\nHoraires : 20h45 \u00e0 22h30<br \/>\nLieu : \u00c9glise St Jean<\/p>\n<p>Date :\u00a0 10 ao\u00fbt 2022<br \/>\nEv\u00e8nement : Courses de vaches<br \/>\nHoraires : 21:00 &#8211; 23:00<br \/>\nLieu : Ar\u00e8nes municipales<\/p>\n<p>Date :\u00a0 14 ao\u00fbt 2022<br \/>\nEv\u00e8nement : Courses de vaches dans les rue<br \/>\nHoraires : 18h<br \/>\nLieu : Centre ville<\/p>\n<p>Date :\u00a0 15 ao\u00fbt 2022<br \/>\nEv\u00e8nement : P\u00e9tanque<br \/>\nHoraires :<br \/>\nLieu : Stade Xapitalia<\/p>\n<p>Date :\u00a0 17 ao\u00fbt 2022<br \/>\nEv\u00e8nement : Courses de vaches<br \/>\nHoraires : 21:00 &#8211; 23:00<br \/>\nLieu : Ar\u00e8nes municipales<\/p>\n<p>Date :\u00a0 19 au 20 ao\u00fbt 2022<br \/>\nEv\u00e8nement : Exposition &#8211;\u00a0 B\u00e9n\u00e9dicte Larre<br \/>\nHoraires :<br \/>\nLieu : Salle Pierre Choribit<\/p>\n<p>Date :\u00a0 19 au 20 ao\u00fbt 2022<br \/>\nEv\u00e8nement : Farfouille<br \/>\nHoraires :<br \/>\nLieu : Salle Pierre Choribit<\/p>\n<p>Date : 20 ao\u00fbt 2022<br \/>\nEv\u00e8nement : M\u00e9choui sous chapiteau<br \/>\nHoraires : 8:00 \u00e0 0:00<br \/>\nLieu : Lotissement St martin Harriague<\/p>\n<p>Date : 22 au 28 ao\u00fbt 2022<br \/>\nEv\u00e8nement : Exposition peintures, sculptures et photographie<br \/>\nHoraires : 9:00 &#8211; 17:30<br \/>\nLieu : Salle Pierre Choribit<\/p>\n<p>Date :\u00a0 24 ao\u00fbt 2022<br \/>\nEv\u00e8nement : Courses de vaches<br \/>\nHoraires : 21:00 &#8211; 23:00<br \/>\nLieu : Ar\u00e8nes municipales<\/p>\n<p>Date :\u00a0 26 au 29 ao\u00fbt 2022<br \/>\nEv\u00e8nement :\u00a0Rallye du Pays Basque<br \/>\nHoraires :<br \/>\nLieu :<\/p>\n<h2>Septembre 2022<\/h2>\n<p>Date :\u00a0 3 septembre 2022<br \/>\nEv\u00e8nement :\u00a0Forum des associations<br \/>\nHoraires : 10:00 &#8211; 14:00<br \/>\nLieu : Salle Mendeala<\/p>\n<p>Date :\u00a0 8 au 9 septembre 2022<br \/>\nEv\u00e8nement :\u00a0Concert : ch\u0153ur d\u2019hommes Elgarrekin<br \/>\nHoraires : 22:00<br \/>\nLieu : Eglise saint Jean de Baptiste<\/p>\n<p>Date :\u00a0 10 septembre 2022<br \/>\nEv\u00e8nement :\u00a0Les 50 ans d\u2019Elgar Oinka<br \/>\nHoraires :<br \/>\nLieu : Salle Mendeala<\/p>\n<p>Date :\u00a0 11 septembre 2022<br \/>\nEv\u00e8nement : Tennis de table<br \/>\nHoraires :<br \/>\nLieu : Salle Harana<\/p>\n<p>Date : 15 au 25 septembre 2022<br \/>\nEv\u00e8nement : Exposition peintures et dessins &#8211; Maialen HEGUY-LUCU<br \/>\nHoraires : Toute la journ\u00e9e<br \/>\nLieu : Salle Pierre Choribit<\/p>\n<p>Date : 18 septembre 2022<br \/>\nEv\u00e8nement : Tournoi tennis de table<br \/>\nHoraires :<br \/>\nLieu : Salle Harana<\/p>\n<h2>Octobre 2022<\/h2>\n<p>Date :\u00a0 2 octobre 2022<br \/>\nEv\u00e8nement : Quilles de 9<br \/>\nHoraires : 16:00 &#8211; 20:00<br \/>\nLieu : Parc d\u2019Eihartzea<\/p>\n<p>Date :\u00a0 9 octobre 2022<br \/>\nEv\u00e8nement : V\u00e9hicules anciens<br \/>\nHoraires : 10:30 &#8211; 14:00<br \/>\nLieu : Multi-frontons<\/p>\n<p>Date :\u00a0 20 au 23 octobre 2022<br \/>\nEv\u00e8nement : Festival de cin\u00e9ma Zinegin<br \/>\nHoraires :<br \/>\nLieu : Haritz Barne<\/p>\n<p>Date :\u00a0 21 au 24 octobre 2022<br \/>\nEv\u00e8nement :\u00a0Vintage Auto R\u00e9tro Basque<br \/>\nHoraires : 10:30 &#8211; 14:00<br \/>\nLieu : Salle Harana<\/p>\n<p>Date :\u00a0 24 au 29 octobre 2022<br \/>\nEv\u00e8nement : Football<br \/>\nHoraires :<br \/>\nLieu : Stade Xapitalia<\/p>\n<h2>Novembre 2022<\/h2>\n<p>Date :\u00a0 11 novembre 2022<br \/>\nEv\u00e8nement : Armistice<br \/>\nHoraires :<br \/>\nLieu : Monuments aux morts<\/p>\n<p>Date :\u00a0 13 novembre 2022<br \/>\nEv\u00e8nement : V\u00e9hicules anciens<br \/>\nHoraires :<br \/>\nLieu : Multi-frontons<\/p>\n<p>Date :\u00a0 14 au 30 novembre 2022<br \/>\nEv\u00e8nement : Exposition bijoux en r\u00e9sine<br \/>\nHoraires : 9:00 &#8211; 18:15<br \/>\nLieu : Salle Pierre Choribit<\/p>\n<h2>D\u00e9cembre 2022<\/h2>\n<p>Date :\u00a0 2 au 4 d\u00e9cembre 2022<br \/>\nEv\u00e8nement : T\u00e9l\u00e9thon<br \/>\nHoraires :<br \/>\nLieu :<\/p>\n<p>Date :\u00a0 11 d\u00e9cembre 2022<br \/>\nEv\u00e8nement : V\u00e9hicules anciens<br \/>\nHoraires :<br \/>\nLieu : Multi-frontons<\/p>\n<p>Date :\u00a0 18 d\u00e9cembre 2022<br \/>\nEv\u00e8nement :\u00a0Kid cross et cross<br \/>\nHoraires :<br \/>\nLieu : Lyc\u00e9e Armand David<\/p>\n","protected":false},"excerpt":{"rendered":"<p>Juillet 2022 Date : 1 juillet 2022 Ev\u00e8nement : Gala gym et dance Horaires : 19:00 \u00e0 23:00 Lieu : Salle Mendeala Date : 1 juillet au 30 septembre Ev\u00e8nement [&hellip;]<\/p>\n","protected":false},"author":14,"featured_media":0,"parent":0,"menu_order":0,"comment_status":"closed","ping_status":"closed","template":"","meta":{"_acf_changed":false,"cybocfi_hide_featured_image":"","footnotes":""},"class_list":["post-30277","page","type-page","status-publish","hentry","clearfix"],"acf":[],"yoast_head":"<!-- This site is optimized with the Yoast SEO plugin v27.5 - https:\/\/yoast.com\/product\/yoast-seo-wordpress\/ -->\n<title>Ev\u00e8nements \u00e0 l&#039;agenda de Hasparren - Hasparren, commune du Pays Basque<\/title>\n<meta name=\"robots\" content=\"index, follow, max-snippet:-1, max-image-preview:large, max-video-preview:-1\" \/>\n<link rel=\"canonical\" href=\"https:\/\/hasparren.fr\/eu\/evenements-a-lagenda-de-hasparren\/\" \/>\n<meta property=\"og:locale\" content=\"eu_ES\" \/>\n<meta property=\"og:type\" content=\"article\" \/>\n<meta property=\"og:title\" content=\"Ev\u00e8nements \u00e0 l&#039;agenda de Hasparren - Hasparren, commune du Pays Basque\" \/>\n<meta property=\"og:description\" content=\"Juillet 2022 Date : 1 juillet 2022 Ev\u00e8nement : Gala gym et dance Horaires : 19:00 \u00e0 23:00 Lieu : Salle Mendeala Date : 1 juillet au 30 septembre Ev\u00e8nement [&hellip;]\" \/>\n<meta property=\"og:url\" content=\"https:\/\/hasparren.fr\/eu\/evenements-a-lagenda-de-hasparren\/\" \/>\n<meta property=\"og:site_name\" content=\"Hasparren, commune du Pays Basque\" \/>\n<meta property=\"article:modified_time\" content=\"2022-08-22T06:59:01+00:00\" \/>\n<meta name=\"twitter:card\" content=\"summary_large_image\" \/>\n<meta name=\"twitter:label1\" content=\"Est. reading time\" \/>\n\t<meta name=\"twitter:data1\" content=\"5 minutua\" \/>\n<script type=\"application\/ld+json\" class=\"yoast-schema-graph\">{\"@context\":\"https:\\\/\\\/schema.org\",\"@graph\":[{\"@type\":\"WebPage\",\"@id\":\"https:\\\/\\\/hasparren.fr\\\/eu\\\/evenements-a-lagenda-de-hasparren\\\/\",\"url\":\"https:\\\/\\\/hasparren.fr\\\/eu\\\/evenements-a-lagenda-de-hasparren\\\/\",\"name\":\"Ev\u00e8nements \u00e0 l'agenda de Hasparren - Hasparren, commune du Pays Basque\",\"isPartOf\":{\"@id\":\"https:\\\/\\\/hasparren.fr\\\/#website\"},\"datePublished\":\"2022-02-04T13:27:21+00:00\",\"dateModified\":\"2022-08-22T06:59:01+00:00\",\"breadcrumb\":{\"@id\":\"https:\\\/\\\/hasparren.fr\\\/eu\\\/evenements-a-lagenda-de-hasparren\\\/#breadcrumb\"},\"inLanguage\":\"eu\",\"potentialAction\":[{\"@type\":\"ReadAction\",\"target\":[\"https:\\\/\\\/hasparren.fr\\\/eu\\\/evenements-a-lagenda-de-hasparren\\\/\"]}]},{\"@type\":\"BreadcrumbList\",\"@id\":\"https:\\\/\\\/hasparren.fr\\\/eu\\\/evenements-a-lagenda-de-hasparren\\\/#breadcrumb\",\"itemListElement\":[{\"@type\":\"ListItem\",\"position\":1,\"name\":\"Accueil\",\"item\":\"https:\\\/\\\/hasparren.fr\\\/eu\\\/\"},{\"@type\":\"ListItem\",\"position\":2,\"name\":\"Ev\u00e8nements \u00e0 l&#8217;agenda de Hasparren\"}]},{\"@type\":\"WebSite\",\"@id\":\"https:\\\/\\\/hasparren.fr\\\/#website\",\"url\":\"https:\\\/\\\/hasparren.fr\\\/\",\"name\":\"Hasparren, commune du Pays Basque\",\"description\":\"Hasparren, commune du Pays Basque\",\"potentialAction\":[{\"@type\":\"SearchAction\",\"target\":{\"@type\":\"EntryPoint\",\"urlTemplate\":\"https:\\\/\\\/hasparren.fr\\\/?s={search_term_string}\"},\"query-input\":{\"@type\":\"PropertyValueSpecification\",\"valueRequired\":true,\"valueName\":\"search_term_string\"}}],\"inLanguage\":\"eu\"}]}<\/script>\n<!-- \/ Yoast SEO plugin. -->","yoast_head_json":{"title":"Ev\u00e8nements \u00e0 l'agenda de Hasparren - Hasparren, commune du Pays Basque","robots":{"index":"index","follow":"follow","max-snippet":"max-snippet:-1","max-image-preview":"max-image-preview:large","max-video-preview":"max-video-preview:-1"},"canonical":"https:\/\/hasparren.fr\/eu\/evenements-a-lagenda-de-hasparren\/","og_locale":"eu_ES","og_type":"article","og_title":"Ev\u00e8nements \u00e0 l'agenda de Hasparren - Hasparren, commune du Pays Basque","og_description":"Juillet 2022 Date : 1 juillet 2022 Ev\u00e8nement : Gala gym et dance Horaires : 19:00 \u00e0 23:00 Lieu : Salle Mendeala Date : 1 juillet au 30 septembre Ev\u00e8nement [&hellip;]","og_url":"https:\/\/hasparren.fr\/eu\/evenements-a-lagenda-de-hasparren\/","og_site_name":"Hasparren, commune du Pays Basque","article_modified_time":"2022-08-22T06:59:01+00:00","twitter_card":"summary_large_image","twitter_misc":{"Est. reading time":"5 minutua"},"schema":{"@context":"https:\/\/schema.org","@graph":[{"@type":"WebPage","@id":"https:\/\/hasparren.fr\/eu\/evenements-a-lagenda-de-hasparren\/","url":"https:\/\/hasparren.fr\/eu\/evenements-a-lagenda-de-hasparren\/","name":"Ev\u00e8nements \u00e0 l'agenda de Hasparren - Hasparren, commune du Pays Basque","isPartOf":{"@id":"https:\/\/hasparren.fr\/#website"},"datePublished":"2022-02-04T13:27:21+00:00","dateModified":"2022-08-22T06:59:01+00:00","breadcrumb":{"@id":"https:\/\/hasparren.fr\/eu\/evenements-a-lagenda-de-hasparren\/#breadcrumb"},"inLanguage":"eu","potentialAction":[{"@type":"ReadAction","target":["https:\/\/hasparren.fr\/eu\/evenements-a-lagenda-de-hasparren\/"]}]},{"@type":"BreadcrumbList","@id":"https:\/\/hasparren.fr\/eu\/evenements-a-lagenda-de-hasparren\/#breadcrumb","itemListElement":[{"@type":"ListItem","position":1,"name":"Accueil","item":"https:\/\/hasparren.fr\/eu\/"},{"@type":"ListItem","position":2,"name":"Ev\u00e8nements \u00e0 l&#8217;agenda de Hasparren"}]},{"@type":"WebSite","@id":"https:\/\/hasparren.fr\/#website","url":"https:\/\/hasparren.fr\/","name":"Hasparren, commune du Pays Basque","description":"Hasparren, commune du Pays Basque","potentialAction":[{"@type":"SearchAction","target":{"@type":"EntryPoint","urlTemplate":"https:\/\/hasparren.fr\/?s={search_term_string}"},"query-input":{"@type":"PropertyValueSpecification","valueRequired":true,"valueName":"search_term_string"}}],"inLanguage":"eu"}]}},"publishpress_future_action":{"enabled":false,"date":"2026-05-09 07:53:16","action":"change-status","newStatus":"draft","terms":[],"taxonomy":"translation_priority","extraData":[]},"publishpress_future_workflow_manual_trigger":{"enabledWorkflows":[]},"_links":{"self":[{"href":"https:\/\/hasparren.fr\/eu\/wp-json\/wp\/v2\/pages\/30277","targetHints":{"allow":["GET"]}}],"collection":[{"href":"https:\/\/hasparren.fr\/eu\/wp-json\/wp\/v2\/pages"}],"about":[{"href":"https:\/\/hasparren.fr\/eu\/wp-json\/wp\/v2\/types\/page"}],"author":[{"embeddable":true,"href":"https:\/\/hasparren.fr\/eu\/wp-json\/wp\/v2\/users\/14"}],"replies":[{"embeddable":true,"href":"https:\/\/hasparren.fr\/eu\/wp-json\/wp\/v2\/comments?post=30277"}],"version-history":[{"count":24,"href":"https:\/\/hasparren.fr\/eu\/wp-json\/wp\/v2\/pages\/30277\/revisions"}],"predecessor-version":[{"id":34204,"href":"https:\/\/hasparren.fr\/eu\/wp-json\/wp\/v2\/pages\/30277\/revisions\/34204"}],"wp:attachment":[{"href":"https:\/\/hasparren.fr\/eu\/wp-json\/wp\/v2\/media?parent=30277"}],"curies":[{"name":"wp","href":"https:\/\/api.w.org\/{rel}","templated":true}]}}