{"id":40484,"date":"2023-12-27T16:39:25","date_gmt":"2023-12-27T15:39:25","guid":{"rendered":"https:\/\/hasparren.fr\/evenement\/soiree-danses-basques-hegalka\/"},"modified":"2024-08-05T15:11:43","modified_gmt":"2024-08-05T13:11:43","slug":"soiree-danses-basques-hegalka","status":"publish","type":"tribe_events","link":"https:\/\/hasparren.fr\/eu\/evenement\/soiree-danses-basques-hegalka\/","title":{"rendered":"Soir\u00e9e danses basques HEGALKA"},"content":{"rendered":"<p>A partir de 19h00. Concours de danse et spectacle<\/p>\n<p>Pr\u00e9sentation UMA, nouvelle cr\u00e9ation de HEGALKA CONCERT<\/p>\n<p>groupe KLIKE<\/p>\n<div class=\"x11i5rnm xat24cr x1mh8g0r x1vvkbs xtlvy1s x126k92a\">\n<div dir=\"auto\">Pour la premi\u00e8re fois, Hegalka organise Dantza Gaua !<\/div>\n<div dir=\"auto\">Au programme :<\/div>\n<div dir=\"auto\">19h30 : Concours de danse (infos plus bas)<\/div>\n<div dir=\"auto\">20h30 : <span class=\"html-span xdj266r x11i5rnm xat24cr x1mh8g0r xexx8yu x4uap5 x18d9i69 xkhd6sd x1hl2dhg x16tdsg8 x1vvkbs\"><a class=\"x1i10hfl xjbqb8w x1ejq31n xd10rxx x1sy0etr x17r0tee x972fbf xcfux6l x1qhh985 xm0m39n x9f619 x1ypdohk xt0psk2 xe8uvvx xdj266r x11i5rnm xat24cr x1mh8g0r xexx8yu x4uap5 x18d9i69 xkhd6sd x16tdsg8 x1hl2dhg xggy1nq x1a2a7pz x1sur9pj xkrqix3 x1fey0fg xo1l8bm\" tabindex=\"0\" role=\"link\" href=\"https:\/\/www.instagram.com\/_u\/lasflamencasdecatalina?fbclid=IwZXh0bgNhZW0CMTAAAR3DWP_imCXeRCCZGLP4X45aZ74Nmnetau5OpJ9wfJMB85jbk2-vYCOdmQA_aem_empdlw9jAWQgz6I7Wo8p6w\" target=\"_blank\" rel=\"nofollow noopener noreferrer\">@lasflamencasdecatalina<\/a><\/span>\u00a0 Uma, la nouvelle cr\u00e9ation d\u2019Hegalka\u00a0<\/div>\n<div dir=\"auto\">22h : @klike.taldea en concert !<\/div>\n<\/div>\n<div class=\"x11i5rnm xat24cr x1mh8g0r x1vvkbs xtlvy1s x126k92a\">\n<div dir=\"auto\">\u00a0<\/div>\n<div dir=\"auto\">Concours de danse<\/div>\n<div dir=\"auto\">Envie de d\u00e9fier d\u2019autres groupes et d\u2019autres danseurs ? Venez participer \u00e0 notre concours de danse ! Danses basques traditionnelles ou cr\u00e9ations, \u00e0 vous d\u2019\u00e9pater le public !<\/div>\n<div dir=\"auto\">Les conditions :<\/div>\n<div dir=\"auto\">Minimum 6 danseurs, appartenant \u00e0 un groupe de danse basque ou pas !<\/div>\n<div dir=\"auto\">Danse basque traditionnelle ou cr\u00e9ation<\/div>\n<div dir=\"auto\">200\u20ac a gagner ! <span class=\"html-span xexx8yu x4uap5 x18d9i69 xkhd6sd x1hl2dhg x16tdsg8 x1vvkbs x3nfvp2 x1j61x8r x1fcty0u xdj266r xat24cr xgzva0m xhhsvwb xxymvpz xlup9mm x1kky2od\"><img loading=\"lazy\" decoding=\"async\" class=\"xz74otr\" src=\"https:\/\/static.xx.fbcdn.net\/images\/emoji.php\/v9\/tb1\/1\/16\/1f911.png\" alt=\"\ud83e\udd11\" width=\"16\" height=\"16\" \/><\/span><\/div>\n<div dir=\"auto\">Inscription obligatoire via le formulaire dans notre bio : <span class=\"html-span xdj266r x11i5rnm xat24cr x1mh8g0r xexx8yu x4uap5 x18d9i69 xkhd6sd x1hl2dhg x16tdsg8 x1vvkbs\"><a class=\"x1i10hfl xjbqb8w x1ejq31n xd10rxx x1sy0etr x17r0tee x972fbf xcfux6l x1qhh985 xm0m39n x9f619 x1ypdohk xt0psk2 xe8uvvx xdj266r x11i5rnm xat24cr x1mh8g0r xexx8yu x4uap5 x18d9i69 xkhd6sd x16tdsg8 x1hl2dhg xggy1nq x1a2a7pz x1sur9pj xkrqix3 x1fey0fg\" tabindex=\"0\" role=\"link\" href=\"https:\/\/docs.google.com\/forms\/d\/e\/1FAIpQLSeb2IVePI_CdU111ew3MGxE6fxWbzMAzxp61eZYskYBvqQYWQ\/viewform?fbclid=IwZXh0bgNhZW0CMTAAAR1ANNjoatkmhHEK0v290QsOJXTpnr4aCU8IZpYkWQkyCa7gy8UczDLdr7Q_aem_FtPVJ65X0ElYptPBU26PFQ\" target=\"_blank\" rel=\"nofollow noopener noreferrer\">https:\/\/docs.google.com\/&#8230;\/1FAIpQLSeb2IVePI&#8230;\/viewform<\/a><\/span><\/div>\n<div dir=\"auto\">Patronage d\u2019Hasparren, \u00e0 c\u00f4t\u00e9 du cin\u00e9ma Haritz Barne<\/div>\n<\/div>\n<div class=\"x11i5rnm xat24cr x1mh8g0r x1vvkbs xtlvy1s x126k92a\">\n<div dir=\"auto\">Viens danser avec nous !<\/div>\n<div dir=\"auto\"><img loading=\"lazy\" decoding=\"async\" class=\"alignnone wp-image-42788 size-large\" src=\"https:\/\/hasparren.fr\/wp-content\/uploads\/2023\/12\/Capture-decran-2024-08-05-100946-1-428x600.png\" alt=\"\" width=\"428\" height=\"600\" srcset=\"https:\/\/hasparren.fr\/wp-content\/uploads\/2023\/12\/Capture-decran-2024-08-05-100946-1-428x600.png 428w, https:\/\/hasparren.fr\/wp-content\/uploads\/2023\/12\/Capture-decran-2024-08-05-100946-1-214x300.png 214w, https:\/\/hasparren.fr\/wp-content\/uploads\/2023\/12\/Capture-decran-2024-08-05-100946-1.png 612w\" sizes=\"auto, (max-width: 428px) 100vw, 428px\" \/><\/div>\n<\/div>\n","protected":false},"excerpt":{"rendered":"<p>A partir de 19h00. Concours de danse et spectacle Pr\u00e9sentation UMA, nouvelle cr\u00e9ation de HEGALKA CONCERT groupe KLIKE Pour la premi\u00e8re fois, Hegalka organise Dantza Gaua ! Au programme : [&hellip;]<\/p>\n","protected":false},"author":14,"featured_media":42785,"template":"","meta":{"_acf_changed":false,"cybocfi_hide_featured_image":"","_tribe_events_status":"","_tribe_events_status_reason":"","footnotes":""},"tags":[],"tribe_events_cat":[],"class_list":["post-40484","tribe_events","type-tribe_events","status-publish","has-post-thumbnail","hentry","clearfix"],"acf":[],"yoast_head":"<!-- This site is optimized with the Yoast SEO plugin v27.4 - https:\/\/yoast.com\/product\/yoast-seo-wordpress\/ -->\n<title>Soir\u00e9e danses basques HEGALKA - Hasparren, commune du Pays Basque<\/title>\n<meta name=\"robots\" content=\"noindex, follow\" \/>\n<meta property=\"og:locale\" content=\"eu_ES\" \/>\n<meta property=\"og:type\" content=\"article\" \/>\n<meta property=\"og:title\" content=\"Soir\u00e9e danses basques HEGALKA - Hasparren, commune du Pays Basque\" \/>\n<meta property=\"og:description\" content=\"A partir de 19h00. Concours de danse et spectacle Pr\u00e9sentation UMA, nouvelle cr\u00e9ation de HEGALKA CONCERT groupe KLIKE Pour la premi\u00e8re fois, Hegalka organise Dantza Gaua ! Au programme : [&hellip;]\" \/>\n<meta property=\"og:url\" content=\"https:\/\/hasparren.fr\/eu\/evenement\/soiree-danses-basques-hegalka\/\" \/>\n<meta property=\"og:site_name\" content=\"Hasparren, commune du Pays Basque\" \/>\n<meta property=\"article:modified_time\" content=\"2024-08-05T13:11:43+00:00\" \/>\n<meta property=\"og:image\" content=\"https:\/\/hasparren.fr\/wp-content\/uploads\/2023\/12\/Capture-decran-2024-08-05-100946.png\" \/>\n\t<meta property=\"og:image:width\" content=\"612\" \/>\n\t<meta property=\"og:image:height\" content=\"857\" \/>\n\t<meta property=\"og:image:type\" content=\"image\/png\" \/>\n<meta name=\"twitter:card\" content=\"summary_large_image\" \/>\n<meta name=\"twitter:label1\" content=\"Est. reading time\" \/>\n\t<meta name=\"twitter:data1\" content=\"1 minutua\" \/>\n<script type=\"application\/ld+json\" class=\"yoast-schema-graph\">{\"@context\":\"https:\\\/\\\/schema.org\",\"@graph\":[{\"@type\":\"WebPage\",\"@id\":\"https:\\\/\\\/hasparren.fr\\\/eu\\\/evenement\\\/soiree-danses-basques-hegalka\\\/\",\"url\":\"https:\\\/\\\/hasparren.fr\\\/eu\\\/evenement\\\/soiree-danses-basques-hegalka\\\/\",\"name\":\"Soir\u00e9e danses basques HEGALKA - Hasparren, commune du Pays Basque\",\"isPartOf\":{\"@id\":\"https:\\\/\\\/hasparren.fr\\\/#website\"},\"primaryImageOfPage\":{\"@id\":\"https:\\\/\\\/hasparren.fr\\\/eu\\\/evenement\\\/soiree-danses-basques-hegalka\\\/#primaryimage\"},\"image\":{\"@id\":\"https:\\\/\\\/hasparren.fr\\\/eu\\\/evenement\\\/soiree-danses-basques-hegalka\\\/#primaryimage\"},\"thumbnailUrl\":\"https:\\\/\\\/hasparren.fr\\\/wp-content\\\/uploads\\\/2023\\\/12\\\/Capture-decran-2024-08-05-100946.png\",\"datePublished\":\"2023-12-27T15:39:25+00:00\",\"dateModified\":\"2024-08-05T13:11:43+00:00\",\"breadcrumb\":{\"@id\":\"https:\\\/\\\/hasparren.fr\\\/eu\\\/evenement\\\/soiree-danses-basques-hegalka\\\/#breadcrumb\"},\"inLanguage\":\"eu\",\"potentialAction\":[{\"@type\":\"ReadAction\",\"target\":[\"https:\\\/\\\/hasparren.fr\\\/eu\\\/evenement\\\/soiree-danses-basques-hegalka\\\/\"]}]},{\"@type\":\"ImageObject\",\"inLanguage\":\"eu\",\"@id\":\"https:\\\/\\\/hasparren.fr\\\/eu\\\/evenement\\\/soiree-danses-basques-hegalka\\\/#primaryimage\",\"url\":\"https:\\\/\\\/hasparren.fr\\\/wp-content\\\/uploads\\\/2023\\\/12\\\/Capture-decran-2024-08-05-100946.png\",\"contentUrl\":\"https:\\\/\\\/hasparren.fr\\\/wp-content\\\/uploads\\\/2023\\\/12\\\/Capture-decran-2024-08-05-100946.png\",\"width\":612,\"height\":857},{\"@type\":\"BreadcrumbList\",\"@id\":\"https:\\\/\\\/hasparren.fr\\\/eu\\\/evenement\\\/soiree-danses-basques-hegalka\\\/#breadcrumb\",\"itemListElement\":[{\"@type\":\"ListItem\",\"position\":1,\"name\":\"Accueil\",\"item\":\"https:\\\/\\\/hasparren.fr\\\/eu\\\/\"},{\"@type\":\"ListItem\",\"position\":2,\"name\":\"\u00c9v\u00e8nements\",\"item\":\"https:\\\/\\\/hasparren.fr\\\/evenements\\\/\"},{\"@type\":\"ListItem\",\"position\":3,\"name\":\"Soir\u00e9e danses basques HEGALKA\"}]},{\"@type\":\"WebSite\",\"@id\":\"https:\\\/\\\/hasparren.fr\\\/#website\",\"url\":\"https:\\\/\\\/hasparren.fr\\\/\",\"name\":\"Hasparren, commune du Pays Basque\",\"description\":\"Hasparren, commune du Pays Basque\",\"potentialAction\":[{\"@type\":\"SearchAction\",\"target\":{\"@type\":\"EntryPoint\",\"urlTemplate\":\"https:\\\/\\\/hasparren.fr\\\/?s={search_term_string}\"},\"query-input\":{\"@type\":\"PropertyValueSpecification\",\"valueRequired\":true,\"valueName\":\"search_term_string\"}}],\"inLanguage\":\"eu\"}]}<\/script>\n<!-- \/ Yoast SEO plugin. -->","yoast_head_json":{"title":"Soir\u00e9e danses basques HEGALKA - Hasparren, commune du Pays Basque","robots":{"index":"noindex","follow":"follow"},"og_locale":"eu_ES","og_type":"article","og_title":"Soir\u00e9e danses basques HEGALKA - Hasparren, commune du Pays Basque","og_description":"A partir de 19h00. Concours de danse et spectacle Pr\u00e9sentation UMA, nouvelle cr\u00e9ation de HEGALKA CONCERT groupe KLIKE Pour la premi\u00e8re fois, Hegalka organise Dantza Gaua ! Au programme : [&hellip;]","og_url":"https:\/\/hasparren.fr\/eu\/evenement\/soiree-danses-basques-hegalka\/","og_site_name":"Hasparren, commune du Pays Basque","article_modified_time":"2024-08-05T13:11:43+00:00","og_image":[{"width":612,"height":857,"url":"https:\/\/hasparren.fr\/wp-content\/uploads\/2023\/12\/Capture-decran-2024-08-05-100946.png","type":"image\/png"}],"twitter_card":"summary_large_image","twitter_misc":{"Est. reading time":"1 minutua"},"schema":{"@context":"https:\/\/schema.org","@graph":[{"@type":"WebPage","@id":"https:\/\/hasparren.fr\/eu\/evenement\/soiree-danses-basques-hegalka\/","url":"https:\/\/hasparren.fr\/eu\/evenement\/soiree-danses-basques-hegalka\/","name":"Soir\u00e9e danses basques HEGALKA - Hasparren, commune du Pays Basque","isPartOf":{"@id":"https:\/\/hasparren.fr\/#website"},"primaryImageOfPage":{"@id":"https:\/\/hasparren.fr\/eu\/evenement\/soiree-danses-basques-hegalka\/#primaryimage"},"image":{"@id":"https:\/\/hasparren.fr\/eu\/evenement\/soiree-danses-basques-hegalka\/#primaryimage"},"thumbnailUrl":"https:\/\/hasparren.fr\/wp-content\/uploads\/2023\/12\/Capture-decran-2024-08-05-100946.png","datePublished":"2023-12-27T15:39:25+00:00","dateModified":"2024-08-05T13:11:43+00:00","breadcrumb":{"@id":"https:\/\/hasparren.fr\/eu\/evenement\/soiree-danses-basques-hegalka\/#breadcrumb"},"inLanguage":"eu","potentialAction":[{"@type":"ReadAction","target":["https:\/\/hasparren.fr\/eu\/evenement\/soiree-danses-basques-hegalka\/"]}]},{"@type":"ImageObject","inLanguage":"eu","@id":"https:\/\/hasparren.fr\/eu\/evenement\/soiree-danses-basques-hegalka\/#primaryimage","url":"https:\/\/hasparren.fr\/wp-content\/uploads\/2023\/12\/Capture-decran-2024-08-05-100946.png","contentUrl":"https:\/\/hasparren.fr\/wp-content\/uploads\/2023\/12\/Capture-decran-2024-08-05-100946.png","width":612,"height":857},{"@type":"BreadcrumbList","@id":"https:\/\/hasparren.fr\/eu\/evenement\/soiree-danses-basques-hegalka\/#breadcrumb","itemListElement":[{"@type":"ListItem","position":1,"name":"Accueil","item":"https:\/\/hasparren.fr\/eu\/"},{"@type":"ListItem","position":2,"name":"\u00c9v\u00e8nements","item":"https:\/\/hasparren.fr\/evenements\/"},{"@type":"ListItem","position":3,"name":"Soir\u00e9e danses basques HEGALKA"}]},{"@type":"WebSite","@id":"https:\/\/hasparren.fr\/#website","url":"https:\/\/hasparren.fr\/","name":"Hasparren, commune du Pays Basque","description":"Hasparren, commune du Pays Basque","potentialAction":[{"@type":"SearchAction","target":{"@type":"EntryPoint","urlTemplate":"https:\/\/hasparren.fr\/?s={search_term_string}"},"query-input":{"@type":"PropertyValueSpecification","valueRequired":true,"valueName":"search_term_string"}}],"inLanguage":"eu"}]}},"publishpress_future_workflow_manual_trigger":{"enabledWorkflows":[]},"_links":{"self":[{"href":"https:\/\/hasparren.fr\/eu\/wp-json\/wp\/v2\/tribe_events\/40484","targetHints":{"allow":["GET"]}}],"collection":[{"href":"https:\/\/hasparren.fr\/eu\/wp-json\/wp\/v2\/tribe_events"}],"about":[{"href":"https:\/\/hasparren.fr\/eu\/wp-json\/wp\/v2\/types\/tribe_events"}],"author":[{"embeddable":true,"href":"https:\/\/hasparren.fr\/eu\/wp-json\/wp\/v2\/users\/14"}],"version-history":[{"count":5,"href":"https:\/\/hasparren.fr\/eu\/wp-json\/wp\/v2\/tribe_events\/40484\/revisions"}],"predecessor-version":[{"id":42790,"href":"https:\/\/hasparren.fr\/eu\/wp-json\/wp\/v2\/tribe_events\/40484\/revisions\/42790"}],"wp:featuredmedia":[{"embeddable":true,"href":"https:\/\/hasparren.fr\/eu\/wp-json\/wp\/v2\/media\/42785"}],"wp:attachment":[{"href":"https:\/\/hasparren.fr\/eu\/wp-json\/wp\/v2\/media?parent=40484"}],"wp:term":[{"taxonomy":"post_tag","embeddable":true,"href":"https:\/\/hasparren.fr\/eu\/wp-json\/wp\/v2\/tags?post=40484"},{"taxonomy":"tribe_events_cat","embeddable":true,"href":"https:\/\/hasparren.fr\/eu\/wp-json\/wp\/v2\/tribe_events_cat?post=40484"}],"curies":[{"name":"wp","href":"https:\/\/api.w.org\/{rel}","templated":true}]}}